{"id":20129,"date":"2026-06-10T16:18:10","date_gmt":"2026-06-10T16:18:10","guid":{"rendered":"https:\/\/seed.adtg.fr\/work-package-3-traeningsmodul\/"},"modified":"2026-07-22T15:11:12","modified_gmt":"2026-07-22T15:11:12","slug":"work-package-3-traeningsmodul","status":"publish","type":"page","link":"https:\/\/seed.adtg.fr\/da\/work-package-3-traeningsmodul\/","title":{"rendered":"Work Package 3: Tr\u00e6ningsmodul"},"content":{"rendered":"\t\t<div data-elementor-type=\"wp-page\" data-elementor-id=\"20129\" class=\"elementor elementor-20129 elementor-18431\" data-elementor-post-type=\"page\">\n\t\t\t\t<div class=\"elementor-element elementor-element-7b190123 e-flex e-con-boxed e-con e-child\" data-id=\"7b190123\" data-element_type=\"container\" data-e-type=\"container\">\n\t\t\t\t\t<div class=\"e-con-inner\">\n\t\t<div class=\"elementor-element elementor-element-2340e61c e-con-full e-flex e-con e-child\" data-id=\"2340e61c\" data-element_type=\"container\" data-e-type=\"container\">\n\t\t<div class=\"elementor-element elementor-element-44669a75 e-flex e-con-boxed e-con e-child\" data-id=\"44669a75\" data-element_type=\"container\" data-e-type=\"container\">\n\t\t\t\t\t<div class=\"e-con-inner\">\n\t\t<div class=\"elementor-element elementor-element-217facfb e-con-full e-flex e-con e-child\" data-id=\"217facfb\" data-element_type=\"container\" data-e-type=\"container\">\n\t\t\t\t<div class=\"elementor-element elementor-element-45467292 sfc-pulse-dot elementor-invisible elementor-widget elementor-widget-heading\" data-id=\"45467292\" data-element_type=\"widget\" data-e-type=\"widget\" data-settings=\"{&quot;_animation&quot;:&quot;slideInRight&quot;}\" data-widget_type=\"heading.default\">\n\t\t\t\t\t<div class=\"elementor-heading-title elementor-size-default\">WP3<\/div>\t\t\t\t<\/div>\n\t\t\t\t<div class=\"elementor-element elementor-element-2a0c9f6b elementor-invisible elementor-widget elementor-widget-heading\" data-id=\"2a0c9f6b\" data-element_type=\"widget\" data-e-type=\"widget\" data-settings=\"{&quot;_animation&quot;:&quot;slideInLeft&quot;}\" data-widget_type=\"heading.default\">\n\t\t\t\t\t<h1 class=\"elementor-heading-title elementor-size-default\"><em>Udvikling af et <\/em>tr\u00e6nings<span class=\"accent-2\">modul<\/span><\/h1>\t\t\t\t<\/div>\n\t\t\t\t<div class=\"elementor-element elementor-element-d2d5b31 sfc-lead elementor-widget elementor-widget-text-editor\" data-id=\"d2d5b31\" data-element_type=\"widget\" data-e-type=\"widget\" data-widget_type=\"text-editor.default\">\n\t\t\t\t\t\t\t\t\t<p>Et f\u00e6lles forl\u00f8b for l\u00e6rere og kulturprofessionelle, der fremmer samskabelsen af projekter inden for kunstnerisk og kulturel undervisning.<\/p>\t\t\t\t\t\t\t\t<\/div>\n\t\t<div class=\"elementor-element elementor-element-3d903e71 e-con-full e-flex e-con e-child\" data-id=\"3d903e71\" data-element_type=\"container\" data-e-type=\"container\">\n\t\t\t\t<div class=\"elementor-element elementor-element-40dc8536 elementor-widget elementor-widget-heading\" data-id=\"40dc8536\" data-element_type=\"widget\" data-e-type=\"widget\" data-widget_type=\"heading.default\">\n\t\t\t\t\t<div class=\"elementor-heading-title elementor-size-default\"><a href=\"https:\/\/seed.adtg.fr\/da\/seeds-for-culture-partnere\/\">F\u00e6lles koordinering<\/a><\/div>\t\t\t\t<\/div>\n\t\t\t\t<div class=\"elementor-element elementor-element-60c23283 elementor-widget elementor-widget-heading\" data-id=\"60c23283\" data-element_type=\"widget\" data-e-type=\"widget\" data-widget_type=\"heading.default\">\n\t\t\t\t\t<div class=\"elementor-heading-title elementor-size-default\">2025 \u2013 2028<\/div>\t\t\t\t<\/div>\n\t\t\t\t<\/div>\n\t\t\t\t<\/div>\n\t\t<div class=\"elementor-element elementor-element-4960f8c5 e-con-full e-flex elementor-invisible e-con e-child\" data-id=\"4960f8c5\" data-element_type=\"container\" data-e-type=\"container\" data-settings=\"{&quot;background_background&quot;:&quot;classic&quot;,&quot;animation&quot;:&quot;slideInDown&quot;,&quot;animation_delay&quot;:500}\">\n\t\t\t\t<div class=\"elementor-element elementor-element-6cd2b5c3 elementor-widget elementor-widget-html\" data-id=\"6cd2b5c3\" data-element_type=\"widget\" data-e-type=\"widget\" data-widget_type=\"html.default\">\n\t\t\t\t\t<div class=\"sfc-num1\"><div class=\"sfc-num1-lift\"><div class=\"sfc-num1-tile\"><span class=\"sfc-num1-digit\">WP3<\/span><\/div><\/div><\/div><style>.sfc-num1{\n  \/* \u25bc\u25bc \u00c0 MODIFIER \u25bc\u25bc *\/\n  --bg:#E8EAED;        \/* couleur de fond *\/\n  --ink:#000000;       \/* couleur du texte *\/\n  --height:120px;      \/* hauteur du cadre *\/\n  --font:54px;         \/* taille du texte *\/\n  --pad-x:30px;        \/* marge int\u00e9rieure gauche \/ droite *\/\n  --radius:12px;       \/* arrondi des coins *\/\n  \/* \u25b2\u25b2 \u00c0 MODIFIER \u25b2\u25b2 *\/\n\n  --ease:cubic-bezier(.2,.8,.2,1);\n  display:flex;\n  align-items:center;\n  justify-content:center;\n  padding:34px;\n  perspective:700px;\n}\n\n.sfc-num1-lift{\n  display:inline-block;\n  animation:sfc-num1-float 3.8s var(--ease) .9s infinite;\n  will-change:transform;\n}\n\n.sfc-num1-tile{\n  display:inline-flex;\n  align-items:center;\n  justify-content:center;\n  height:var(--height);\n  min-width:var(--height);        \/* carr\u00e9 pour 1 caract\u00e8re, s'\u00e9largit ensuite *\/\n  padding-inline:var(--pad-x);\n  border-radius:var(--radius);\n  background:var(--bg);\n  overflow:hidden;\n  transform-origin:center bottom;\n  animation:\n    sfc-num1-in .7s var(--ease) both,\n    sfc-num1-glow 3.8s var(--ease) .9s infinite;\n  will-change:transform,opacity,box-shadow;\n}\n\n.sfc-num1-digit{\n  font-family:'Outfit',sans-serif;\n  font-weight:800;\n  font-size:var(--font);\n  line-height:1;\n  letter-spacing:-0.01em;\n  white-space:nowrap;             \/* emp\u00eache le retour \u00e0 la ligne *\/\n  color:var(--ink);\n  display:inline-block;\n  animation:sfc-num1-digit-in .6s var(--ease) .3s both;\n  -webkit-font-smoothing:antialiased;\n}\n\n@keyframes sfc-num1-in{\n  0%{opacity:0;transform:translateY(16px) scale(.9) rotateX(14deg)}\n  100%{opacity:1;transform:translateY(0) scale(1) rotateX(0)}\n}\n@keyframes sfc-num1-digit-in{\n  0%{opacity:0;transform:translateY(115%)}\n  100%{opacity:1;transform:translateY(0)}\n}\n@keyframes sfc-num1-float{\n  0%,100%{transform:translateY(0)}\n  50%{transform:translateY(-9px)}\n}\n@keyframes sfc-num1-glow{\n  0%,100%{box-shadow:0 14px 22px -10px color-mix(in srgb,var(--bg) 50%,transparent)}\n  50%{box-shadow:0 26px 34px -12px color-mix(in srgb,var(--bg) 38%,transparent)}\n}\n\nbody.elementor-editor-active .sfc-num1-lift,\nbody.elementor-editor-active .sfc-num1-tile,\nbody.elementor-editor-active .sfc-num1-digit{animation:none!important}\nbody.elementor-editor-active .sfc-num1-tile{\n  box-shadow:0 18px 28px -12px color-mix(in srgb,var(--bg) 45%,transparent);\n}\n\n@media (prefers-reduced-motion:reduce){\n  .sfc-num1-lift,.sfc-num1-tile,.sfc-num1-digit{animation:none!important}\n  .sfc-num1-tile{box-shadow:0 18px 28px -12px color-mix(in srgb,var(--bg) 45%,transparent)}\n}\n<\/style>\t\t\t\t<\/div>\n\t\t\t\t<\/div>\n\t\t\t\t\t<\/div>\n\t\t\t\t<\/div>\n\t\t\t\t<\/div>\n\t\t\t\t\t<\/div>\n\t\t\t\t<\/div>\n\t\t<div class=\"elementor-element elementor-element-63a58a67 e-flex e-con-boxed e-con e-parent\" data-id=\"63a58a67\" data-element_type=\"container\" data-e-type=\"container\" data-settings=\"{&quot;background_background&quot;:&quot;classic&quot;}\">\n\t\t\t\t\t<div class=\"e-con-inner\">\n\t\t<div class=\"elementor-element elementor-element-6c313bf9 e-con-full js-conv-scene e-flex e-con e-child\" data-id=\"6c313bf9\" data-element_type=\"container\" data-e-type=\"container\">\n\t\t<div class=\"elementor-element elementor-element-6f220750 e-con-full js-conv-left e-flex e-con e-child\" data-id=\"6f220750\" data-element_type=\"container\" data-e-type=\"container\">\n\t\t\t\t<div class=\"elementor-element elementor-element-2d9c95e8 sfc-eyebrow elementor-widget elementor-widget-heading\" data-id=\"2d9c95e8\" data-element_type=\"widget\" data-e-type=\"widget\" data-widget_type=\"heading.default\">\n\t\t\t\t\t<div class=\"elementor-heading-title elementor-size-default\">Aktiviteter<\/div>\t\t\t\t<\/div>\n\t\t\t\t<div class=\"elementor-element elementor-element-dc75b59 elementor-widget elementor-widget-heading\" data-id=\"dc75b59\" data-element_type=\"widget\" data-e-type=\"widget\" data-widget_type=\"heading.default\">\n\t\t\t\t\t<h2 class=\"elementor-heading-title elementor-size-default\">Tr\u00e6n, <span class=\"accent-2\">afpr\u00f8v<\/span>, <em>tilpas.<\/em><\/h2>\t\t\t\t<\/div>\n\t\t\t\t<\/div>\n\t\t<div class=\"elementor-element elementor-element-24278c3a e-con-full js-conv-right e-flex e-con e-child\" data-id=\"24278c3a\" data-element_type=\"container\" data-e-type=\"container\">\n\t\t\t\t<div class=\"elementor-element elementor-element-78b04fb elementor-widget elementor-widget-text-editor\" data-id=\"78b04fb\" data-element_type=\"widget\" data-e-type=\"widget\" data-widget_type=\"text-editor.default\">\n\t\t\t\t\t\t\t\t\t<p>Tr\u00e6ningsmodulet <strong>i Work Package 3<\/strong> har til form\u00e5l at tilbyde et f\u00e6lles forl\u00f8b for l\u00e6rere og kulturprofessionelle. Det s\u00f8ger at styrke forbindelserne mellem disse to m\u00e5lgrupper ved at fremme samskabelsen af projekter inden for kunstnerisk og kulturel undervisning. Modulet bygger p\u00e5 en hybrid tilgang, der kombinerer teoretisk input, udveksling af praksisser, samarbejde og praktisk afpr\u00f8vning.  <\/p>\t\t\t\t\t\t\t\t<\/div>\n\t\t<div class=\"elementor-element elementor-element-10116c90 e-con-full e-grid e-con e-child\" data-id=\"10116c90\" data-element_type=\"container\" data-e-type=\"container\">\n\t\t<div class=\"elementor-element elementor-element-2aa8bd5b e-con-full e-transform e-flex e-con e-child\" data-id=\"2aa8bd5b\" data-element_type=\"container\" data-e-type=\"container\" data-settings=\"{&quot;background_background&quot;:&quot;classic&quot;,&quot;_transform_translateY_effect_hover&quot;:{&quot;unit&quot;:&quot;px&quot;,&quot;size&quot;:-5,&quot;sizes&quot;:[]},&quot;_transform_translateX_effect_hover&quot;:{&quot;unit&quot;:&quot;px&quot;,&quot;size&quot;:&quot;&quot;,&quot;sizes&quot;:[]},&quot;_transform_translateX_effect_hover_tablet&quot;:{&quot;unit&quot;:&quot;px&quot;,&quot;size&quot;:&quot;&quot;,&quot;sizes&quot;:[]},&quot;_transform_translateX_effect_hover_mobile&quot;:{&quot;unit&quot;:&quot;px&quot;,&quot;size&quot;:&quot;&quot;,&quot;sizes&quot;:[]},&quot;_transform_translateY_effect_hover_tablet&quot;:{&quot;unit&quot;:&quot;px&quot;,&quot;size&quot;:&quot;&quot;,&quot;sizes&quot;:[]},&quot;_transform_translateY_effect_hover_mobile&quot;:{&quot;unit&quot;:&quot;px&quot;,&quot;size&quot;:&quot;&quot;,&quot;sizes&quot;:[]}}\">\n\t\t\t\t<div class=\"elementor-element elementor-element-69009def elementor-widget elementor-widget-heading\" data-id=\"69009def\" data-element_type=\"widget\" data-e-type=\"widget\" data-widget_type=\"heading.default\">\n\t\t\t\t\t<h3 class=\"elementor-heading-title elementor-size-default\">Fleksibilitet<\/h3>\t\t\t\t<\/div>\n\t\t\t\t<div class=\"elementor-element elementor-element-7cf8a62a elementor-widget elementor-widget-text-editor\" data-id=\"7cf8a62a\" data-element_type=\"widget\" data-e-type=\"widget\" data-widget_type=\"text-editor.default\">\n\t\t\t\t\t\t\t\t\t<p>Modulet er udformet med fleksibilitet og omfatter cirka 26 til 28 timers fysisk undervisning, med mulighed for tilpasning til hybride formater i henhold til nationale rammer for efteruddannelse. Det indeholder ogs\u00e5 tid til refleksion og praktisk implementering, s\u00e5 deltagerne kan arbejde sammen om konkrete projekter, der direkte kan overf\u00f8res til deres professionelle kontekster. <\/p>\t\t\t\t\t\t\t\t<\/div>\n\t\t\t\t<\/div>\n\t\t<div class=\"elementor-element elementor-element-4e941f98 e-con-full e-transform e-flex e-con e-child\" data-id=\"4e941f98\" data-element_type=\"container\" data-e-type=\"container\" data-settings=\"{&quot;background_background&quot;:&quot;classic&quot;,&quot;_transform_translateY_effect_hover&quot;:{&quot;unit&quot;:&quot;px&quot;,&quot;size&quot;:-5,&quot;sizes&quot;:[]},&quot;_transform_translateX_effect_hover&quot;:{&quot;unit&quot;:&quot;px&quot;,&quot;size&quot;:&quot;&quot;,&quot;sizes&quot;:[]},&quot;_transform_translateX_effect_hover_tablet&quot;:{&quot;unit&quot;:&quot;px&quot;,&quot;size&quot;:&quot;&quot;,&quot;sizes&quot;:[]},&quot;_transform_translateX_effect_hover_mobile&quot;:{&quot;unit&quot;:&quot;px&quot;,&quot;size&quot;:&quot;&quot;,&quot;sizes&quot;:[]},&quot;_transform_translateY_effect_hover_tablet&quot;:{&quot;unit&quot;:&quot;px&quot;,&quot;size&quot;:&quot;&quot;,&quot;sizes&quot;:[]},&quot;_transform_translateY_effect_hover_mobile&quot;:{&quot;unit&quot;:&quot;px&quot;,&quot;size&quot;:&quot;&quot;,&quot;sizes&quot;:[]}}\">\n\t\t\t\t<div class=\"elementor-element elementor-element-5b50dd11 elementor-widget elementor-widget-heading\" data-id=\"5b50dd11\" data-element_type=\"widget\" data-e-type=\"widget\" data-widget_type=\"heading.default\">\n\t\t\t\t\t<h3 class=\"elementor-heading-title elementor-size-default\">Inklusion<\/h3>\t\t\t\t<\/div>\n\t\t\t\t<div class=\"elementor-element elementor-element-69185e0e elementor-widget elementor-widget-text-editor\" data-id=\"69185e0e\" data-element_type=\"widget\" data-e-type=\"widget\" data-widget_type=\"text-editor.default\">\n\t\t\t\t\t\t\t\t\t<p>Der l\u00e6gges s\u00e6rlig v\u00e6gt p\u00e5 inklusion, is\u00e6r integrationen af elever med s\u00e6rlige behov i projekter inden for kunstnerisk og kulturel undervisning. Modulet tilbyder v\u00e6rkt\u00f8jer, metoder og ressourcer til at st\u00f8tte deltagerne i denne tilgang og tr\u00e6kker p\u00e5 inspirerende europ\u00e6iske praksisser, der er identificeret i projektets tidligere faser. <\/p>\t\t\t\t\t\t\t\t<\/div>\n\t\t\t\t<\/div>\n\t\t<div class=\"elementor-element elementor-element-35cd688e e-con-full e-transform e-flex e-con e-child\" data-id=\"35cd688e\" data-element_type=\"container\" data-e-type=\"container\" data-settings=\"{&quot;background_background&quot;:&quot;classic&quot;,&quot;_transform_translateY_effect_hover&quot;:{&quot;unit&quot;:&quot;px&quot;,&quot;size&quot;:-5,&quot;sizes&quot;:[]},&quot;_transform_translateX_effect_hover&quot;:{&quot;unit&quot;:&quot;px&quot;,&quot;size&quot;:&quot;&quot;,&quot;sizes&quot;:[]},&quot;_transform_translateX_effect_hover_tablet&quot;:{&quot;unit&quot;:&quot;px&quot;,&quot;size&quot;:&quot;&quot;,&quot;sizes&quot;:[]},&quot;_transform_translateX_effect_hover_mobile&quot;:{&quot;unit&quot;:&quot;px&quot;,&quot;size&quot;:&quot;&quot;,&quot;sizes&quot;:[]},&quot;_transform_translateY_effect_hover_tablet&quot;:{&quot;unit&quot;:&quot;px&quot;,&quot;size&quot;:&quot;&quot;,&quot;sizes&quot;:[]},&quot;_transform_translateY_effect_hover_mobile&quot;:{&quot;unit&quot;:&quot;px&quot;,&quot;size&quot;:&quot;&quot;,&quot;sizes&quot;:[]}}\">\n\t\t\t\t<div class=\"elementor-element elementor-element-40f521b elementor-widget elementor-widget-heading\" data-id=\"40f521b\" data-element_type=\"widget\" data-e-type=\"widget\" data-widget_type=\"heading.default\">\n\t\t\t\t\t<h3 class=\"elementor-heading-title elementor-size-default\">Udviklende ramme<\/h3>\t\t\t\t<\/div>\n\t\t\t\t<div class=\"elementor-element elementor-element-7758882f elementor-widget elementor-widget-text-editor\" data-id=\"7758882f\" data-element_type=\"widget\" data-e-type=\"widget\" data-widget_type=\"text-editor.default\">\n\t\t\t\t\t\t\t\t\t<p>Modulet er udformet som en udviklende ramme, der beriges og justeres gennem to testmobiliteter, som organiseres med grupper af internationale deltagere. Disse afpr\u00f8vninger g\u00f8r det muligt at evaluere indholdets relevans, forbedre de p\u00e6dagogiske metoder og sikre, at modulet er i tr\u00e5d med praksisfeltets realiteter. <\/p>\t\t\t\t\t\t\t\t<\/div>\n\t\t\t\t<\/div>\n\t\t\t\t<\/div>\n\t\t\t\t<\/div>\n\t\t\t\t<\/div>\n\t\t\t\t\t<\/div>\n\t\t\t\t<\/div>\n\t\t<div class=\"elementor-element elementor-element-114fbc4a e-flex e-con-boxed e-con e-parent\" data-id=\"114fbc4a\" data-element_type=\"container\" data-e-type=\"container\">\n\t\t\t\t\t<div class=\"e-con-inner\">\n\t\t<div class=\"elementor-element elementor-element-1cb46c02 e-con-full js-conv-scene e-flex e-con e-child\" data-id=\"1cb46c02\" data-element_type=\"container\" data-e-type=\"container\">\n\t\t<div class=\"elementor-element elementor-element-56c5d812 e-con-full js-conv-left e-flex e-con e-child\" data-id=\"56c5d812\" data-element_type=\"container\" data-e-type=\"container\">\n\t\t\t\t<div class=\"elementor-element elementor-element-2649b399 sfc-eyebrow elementor-widget elementor-widget-heading\" data-id=\"2649b399\" data-element_type=\"widget\" data-e-type=\"widget\" data-widget_type=\"heading.default\">\n\t\t\t\t\t<div class=\"elementor-heading-title elementor-size-default\">Metode<\/div>\t\t\t\t<\/div>\n\t\t\t\t<div class=\"elementor-element elementor-element-3902238a elementor-widget elementor-widget-heading\" data-id=\"3902238a\" data-element_type=\"widget\" data-e-type=\"widget\" data-widget_type=\"heading.default\">\n\t\t\t\t\t<h2 class=\"elementor-heading-title elementor-size-default\">De <em>andre<\/em> Work Packages.<\/h2>\t\t\t\t<\/div>\n\t\t\t\t<\/div>\n\t\t<div class=\"elementor-element elementor-element-3969b64a e-con-full js-conv-right e-flex e-con e-child\" data-id=\"3969b64a\" data-element_type=\"container\" data-e-type=\"container\">\n\t\t<div class=\"elementor-element elementor-element-d0a389 e-con-full e-transform e-flex e-con e-child\" data-id=\"d0a389\" data-element_type=\"container\" data-e-type=\"container\" data-settings=\"{&quot;_transform_translateX_effect_hover&quot;:{&quot;unit&quot;:&quot;px&quot;,&quot;size&quot;:10,&quot;sizes&quot;:[]},&quot;_transform_translateX_effect_hover_tablet&quot;:{&quot;unit&quot;:&quot;px&quot;,&quot;size&quot;:&quot;&quot;,&quot;sizes&quot;:[]},&quot;_transform_translateX_effect_hover_mobile&quot;:{&quot;unit&quot;:&quot;px&quot;,&quot;size&quot;:&quot;&quot;,&quot;sizes&quot;:[]},&quot;_transform_translateY_effect_hover&quot;:{&quot;unit&quot;:&quot;px&quot;,&quot;size&quot;:&quot;&quot;,&quot;sizes&quot;:[]},&quot;_transform_translateY_effect_hover_tablet&quot;:{&quot;unit&quot;:&quot;px&quot;,&quot;size&quot;:&quot;&quot;,&quot;sizes&quot;:[]},&quot;_transform_translateY_effect_hover_mobile&quot;:{&quot;unit&quot;:&quot;px&quot;,&quot;size&quot;:&quot;&quot;,&quot;sizes&quot;:[]}}\">\n\t\t\t\t<div class=\"elementor-element elementor-element-8d11c59 elementor-widget elementor-widget-heading\" data-id=\"8d11c59\" data-element_type=\"widget\" data-e-type=\"widget\" data-widget_type=\"heading.default\">\n\t\t\t\t\t<div class=\"elementor-heading-title elementor-size-default\">01<\/div>\t\t\t\t<\/div>\n\t\t<div class=\"elementor-element elementor-element-78076a1 e-con-full e-flex e-con e-child\" data-id=\"78076a1\" data-element_type=\"container\" data-e-type=\"container\">\n\t\t\t\t<div class=\"elementor-element elementor-element-c754fb0 elementor-widget elementor-widget-heading\" data-id=\"c754fb0\" data-element_type=\"widget\" data-e-type=\"widget\" data-widget_type=\"heading.default\">\n\t\t\t\t\t<h3 class=\"elementor-heading-title elementor-size-default\"><a href=\"https:\/\/seed.adtg.fr\/da\/work-package-1-projektledelse\/\"><em>Ledelse<\/em> &amp; <span class=\"accent-2\">projektkoordinering<\/span> <\/a><\/h3>\t\t\t\t<\/div>\n\t\t\t\t<div class=\"elementor-element elementor-element-7e15df09 elementor-widget elementor-widget-text-editor\" data-id=\"7e15df09\" data-element_type=\"widget\" data-e-type=\"widget\" data-widget_type=\"text-editor.default\">\n\t\t\t\t\t\t\t\t\t<p>Overordnet projektledelse: koordinering af konsortiet, opf\u00f8lgning p\u00e5 tidsplan, budget og indikatorer, med en inkluderende, digital og \u00f8kologisk tilgang.<\/p>\t\t\t\t\t\t\t\t<\/div>\n\t\t\t\t<\/div>\n\t\t\t\t<\/div>\n\t\t<div class=\"elementor-element elementor-element-1da0417b e-con-full e-transform e-flex e-con e-child\" data-id=\"1da0417b\" data-element_type=\"container\" data-e-type=\"container\" data-settings=\"{&quot;_transform_translateX_effect_hover&quot;:{&quot;unit&quot;:&quot;px&quot;,&quot;size&quot;:10,&quot;sizes&quot;:[]},&quot;_transform_translateX_effect_hover_tablet&quot;:{&quot;unit&quot;:&quot;px&quot;,&quot;size&quot;:&quot;&quot;,&quot;sizes&quot;:[]},&quot;_transform_translateX_effect_hover_mobile&quot;:{&quot;unit&quot;:&quot;px&quot;,&quot;size&quot;:&quot;&quot;,&quot;sizes&quot;:[]},&quot;_transform_translateY_effect_hover&quot;:{&quot;unit&quot;:&quot;px&quot;,&quot;size&quot;:&quot;&quot;,&quot;sizes&quot;:[]},&quot;_transform_translateY_effect_hover_tablet&quot;:{&quot;unit&quot;:&quot;px&quot;,&quot;size&quot;:&quot;&quot;,&quot;sizes&quot;:[]},&quot;_transform_translateY_effect_hover_mobile&quot;:{&quot;unit&quot;:&quot;px&quot;,&quot;size&quot;:&quot;&quot;,&quot;sizes&quot;:[]}}\">\n\t\t\t\t<div class=\"elementor-element elementor-element-3ad0d313 elementor-widget elementor-widget-heading\" data-id=\"3ad0d313\" data-element_type=\"widget\" data-e-type=\"widget\" data-widget_type=\"heading.default\">\n\t\t\t\t\t<div class=\"elementor-heading-title elementor-size-default\">02<\/div>\t\t\t\t<\/div>\n\t\t<div class=\"elementor-element elementor-element-66e12edb e-con-full e-flex e-con e-child\" data-id=\"66e12edb\" data-element_type=\"container\" data-e-type=\"container\">\n\t\t\t\t<div class=\"elementor-element elementor-element-386ae795 elementor-widget elementor-widget-heading\" data-id=\"386ae795\" data-element_type=\"widget\" data-e-type=\"widget\" data-widget_type=\"heading.default\">\n\t\t\t\t\t<h3 class=\"elementor-heading-title elementor-size-default\"><a href=\"https:\/\/seed.adtg.fr\/da\/work-package-2-status\/\"><em>Kortl\u00e6gning<\/em> af den europ\u00e6iske <span class=\"accent-2\">state of the art<\/span><\/a><\/h3>\t\t\t\t<\/div>\n\t\t\t\t<div class=\"elementor-element elementor-element-72b32da5 elementor-widget elementor-widget-text-editor\" data-id=\"72b32da5\" data-element_type=\"widget\" data-e-type=\"widget\" data-widget_type=\"text-editor.default\">\n\t\t\t\t\t\t\t\t\t<p>Identificere og forst\u00e5 praksisser inden for kunstnerisk og kulturel undervisning i partnerlandene for at bygge videre p\u00e5 de mest relevante erfaringer.<\/p>\t\t\t\t\t\t\t\t<\/div>\n\t\t\t\t<\/div>\n\t\t\t\t<\/div>\n\t\t<div class=\"elementor-element elementor-element-bf0f8fa e-con-full e-transform e-flex e-con e-child\" data-id=\"bf0f8fa\" data-element_type=\"container\" data-e-type=\"container\" data-settings=\"{&quot;_transform_translateX_effect_hover&quot;:{&quot;unit&quot;:&quot;px&quot;,&quot;size&quot;:10,&quot;sizes&quot;:[]},&quot;_transform_translateX_effect_hover_tablet&quot;:{&quot;unit&quot;:&quot;px&quot;,&quot;size&quot;:&quot;&quot;,&quot;sizes&quot;:[]},&quot;_transform_translateX_effect_hover_mobile&quot;:{&quot;unit&quot;:&quot;px&quot;,&quot;size&quot;:&quot;&quot;,&quot;sizes&quot;:[]},&quot;_transform_translateY_effect_hover&quot;:{&quot;unit&quot;:&quot;px&quot;,&quot;size&quot;:&quot;&quot;,&quot;sizes&quot;:[]},&quot;_transform_translateY_effect_hover_tablet&quot;:{&quot;unit&quot;:&quot;px&quot;,&quot;size&quot;:&quot;&quot;,&quot;sizes&quot;:[]},&quot;_transform_translateY_effect_hover_mobile&quot;:{&quot;unit&quot;:&quot;px&quot;,&quot;size&quot;:&quot;&quot;,&quot;sizes&quot;:[]}}\">\n\t\t\t\t<div class=\"elementor-element elementor-element-381aac55 elementor-widget elementor-widget-heading\" data-id=\"381aac55\" data-element_type=\"widget\" data-e-type=\"widget\" data-widget_type=\"heading.default\">\n\t\t\t\t\t<div class=\"elementor-heading-title elementor-size-default\">04<\/div>\t\t\t\t<\/div>\n\t\t<div class=\"elementor-element elementor-element-7680993c e-con-full e-flex e-con e-child\" data-id=\"7680993c\" data-element_type=\"container\" data-e-type=\"container\">\n\t\t\t\t<div class=\"elementor-element elementor-element-5676b791 elementor-widget elementor-widget-heading\" data-id=\"5676b791\" data-element_type=\"widget\" data-e-type=\"widget\" data-widget_type=\"heading.default\">\n\t\t\t\t\t<h3 class=\"elementor-heading-title elementor-size-default\"><a href=\"https:\/\/seed.adtg.fr\/da\/work-package-4-kommunikation\/\"><em>Formidling &amp; promovering<\/em> af <span class=\"accent-2\">resultaterne<\/span><\/a><\/h3>\t\t\t\t<\/div>\n\t\t\t\t<div class=\"elementor-element elementor-element-6070abac elementor-widget elementor-widget-text-editor\" data-id=\"6070abac\" data-element_type=\"widget\" data-e-type=\"widget\" data-widget_type=\"text-editor.default\">\n\t\t\t\t\t\t\t\t\t<p>Kommunikation gennem hele projektet og bred formidling af dets resultater til uddannelses-, kultur- og institutionsmilj\u00f8er samt den brede offentlighed.<\/p>\t\t\t\t\t\t\t\t<\/div>\n\t\t\t\t<\/div>\n\t\t\t\t<\/div>\n\t\t\t\t<\/div>\n\t\t\t\t<\/div>\n\t\t\t\t\t<\/div>\n\t\t\t\t<\/div>\n\t\t\t\t<\/div>\n\t\t","protected":false},"excerpt":{"rendered":"<p>WP3 Udvikling af et tr\u00e6ningsmodul Et f\u00e6lles forl\u00f8b for l\u00e6rere og kulturprofessionelle, der fremmer samskabelsen af projekter inden for kunstnerisk og kulturel undervisning. F\u00e6lles koordinering 2025 \u2013 2028 WP3 Aktiviteter Tr\u00e6n, afpr\u00f8v, tilpas. Tr\u00e6ningsmodulet i Work Package 3 har til form\u00e5l at tilbyde et f\u00e6lles forl\u00f8b for l\u00e6rere og kulturprofessionelle. Det s\u00f8ger at styrke forbindelserne [&hellip;]<\/p>\n","protected":false},"author":1,"featured_media":0,"parent":0,"menu_order":0,"comment_status":"closed","ping_status":"closed","template":"","meta":{"_seopress_titles_title":"WP3 \u2014 Tr\u00e6ningsmodul i kulturel undervisning | SEEDS","_seopress_titles_desc":"Work Package 3: et Erasmus+-tr\u00e6ningsmodul for l\u00e6rere og kulturprofessionelle, dedikeret til kunstnerisk og kulturel undervisning.","_seopress_robots_index":"","_seopress_robots_follow":"","_seopress_robots_imageindex":"","_seopress_robots_snippet":"","_seopress_robots_primary_cat":"","_seopress_robots_breadcrumbs":"","_seopress_robots_freeze_modified_date":"","_seopress_robots_custom_modified_date":"","_seopress_robots_canonical":"","_seopress_social_fb_title":"","_seopress_social_fb_desc":"","_seopress_social_fb_img":"","_seopress_social_fb_img_attachment_id":0,"_seopress_social_fb_img_width":0,"_seopress_social_fb_img_height":0,"_seopress_social_twitter_title":"","_seopress_social_twitter_desc":"","_seopress_social_twitter_img":"","_seopress_social_twitter_img_attachment_id":0,"_seopress_social_twitter_img_width":0,"_seopress_social_twitter_img_height":0,"_seopress_redirections_value":"","_seopress_redirections_enabled":"","_seopress_redirections_enabled_regex":"","_seopress_redirections_logged_status":"","_seopress_redirections_param":"","_seopress_redirections_type":0,"_seopress_analysis_target_kw":"","footnotes":""},"class_list":["post-20129","page","type-page","status-publish","hentry"],"_links":{"self":[{"href":"https:\/\/seed.adtg.fr\/da\/wp-json\/wp\/v2\/pages\/20129","targetHints":{"allow":["GET"]}}],"collection":[{"href":"https:\/\/seed.adtg.fr\/da\/wp-json\/wp\/v2\/pages"}],"about":[{"href":"https:\/\/seed.adtg.fr\/da\/wp-json\/wp\/v2\/types\/page"}],"author":[{"embeddable":true,"href":"https:\/\/seed.adtg.fr\/da\/wp-json\/wp\/v2\/users\/1"}],"replies":[{"embeddable":true,"href":"https:\/\/seed.adtg.fr\/da\/wp-json\/wp\/v2\/comments?post=20129"}],"version-history":[{"count":2,"href":"https:\/\/seed.adtg.fr\/da\/wp-json\/wp\/v2\/pages\/20129\/revisions"}],"predecessor-version":[{"id":20207,"href":"https:\/\/seed.adtg.fr\/da\/wp-json\/wp\/v2\/pages\/20129\/revisions\/20207"}],"wp:attachment":[{"href":"https:\/\/seed.adtg.fr\/da\/wp-json\/wp\/v2\/media?parent=20129"}],"curies":[{"name":"wp","href":"https:\/\/api.w.org\/{rel}","templated":true}]}}