{"id":19908,"date":"2026-06-10T16:17:29","date_gmt":"2026-06-10T16:17:29","guid":{"rendered":"https:\/\/seed.adtg.fr\/paquete-de-trabajo-1-gestion-del-proyecto\/"},"modified":"2026-07-22T10:24:11","modified_gmt":"2026-07-22T10:24:11","slug":"work-package-1-gestion-del-proyecto","status":"publish","type":"page","link":"https:\/\/seed.adtg.fr\/es\/work-package-1-gestion-del-proyecto\/","title":{"rendered":"Work Package 1: Gesti\u00f3n del proyecto"},"content":{"rendered":"\t\t<div data-elementor-type=\"wp-page\" data-elementor-id=\"19908\" class=\"elementor elementor-19908 elementor-18427\" data-elementor-post-type=\"page\">\n\t\t\t\t<div class=\"elementor-element elementor-element-0e28365 e-flex e-con-boxed e-con e-child\" data-id=\"0e28365\" data-element_type=\"container\" data-e-type=\"container\">\n\t\t\t\t\t<div class=\"e-con-inner\">\n\t\t<div class=\"elementor-element elementor-element-15e4f82 e-con-full e-flex e-con e-child\" data-id=\"15e4f82\" data-element_type=\"container\" data-e-type=\"container\">\n\t\t<div class=\"elementor-element elementor-element-cb1e798 e-flex e-con-boxed e-con e-child\" data-id=\"cb1e798\" data-element_type=\"container\" data-e-type=\"container\">\n\t\t\t\t\t<div class=\"e-con-inner\">\n\t\t<div class=\"elementor-element elementor-element-22615ed e-con-full e-flex e-con e-child\" data-id=\"22615ed\" data-element_type=\"container\" data-e-type=\"container\">\n\t\t\t\t<div class=\"elementor-element elementor-element-cab900e sfc-pulse-dot elementor-invisible elementor-widget elementor-widget-heading\" data-id=\"cab900e\" data-element_type=\"widget\" data-e-type=\"widget\" data-settings=\"{&quot;_animation&quot;:&quot;slideInRight&quot;}\" data-widget_type=\"heading.default\">\n\t\t\t\t\t<div class=\"elementor-heading-title elementor-size-default\">PT1<\/div>\t\t\t\t<\/div>\n\t\t\t\t<div class=\"elementor-element elementor-element-52283b5 elementor-invisible elementor-widget elementor-widget-heading\" data-id=\"52283b5\" data-element_type=\"widget\" data-e-type=\"widget\" data-settings=\"{&quot;_animation&quot;:&quot;slideInLeft&quot;}\" data-widget_type=\"heading.default\">\n\t\t\t\t\t<h1 class=\"elementor-heading-title elementor-size-default\"><em>Gesti\u00f3n del proyecto<\/em> &amp; <span class=\"accent-2\">Coordinaci\u00f3n<\/span><\/h1>\t\t\t\t<\/div>\n\t\t\t\t<div class=\"elementor-element elementor-element-ff5b58e sfc-lead elementor-widget elementor-widget-text-editor\" data-id=\"ff5b58e\" data-element_type=\"widget\" data-e-type=\"widget\" data-widget_type=\"text-editor.default\">\n\t\t\t\t\t\t\t\t\t<p>Liderazgo general del consorcio: seguimiento del calendario, el presupuesto y los objetivos, mediante un enfoque inclusivo, digital y ecol\u00f3gico.<\/p>\t\t\t\t\t\t\t\t<\/div>\n\t\t<div class=\"elementor-element elementor-element-528c32c e-con-full e-flex e-con e-child\" data-id=\"528c32c\" data-element_type=\"container\" data-e-type=\"container\">\n\t\t\t\t<div class=\"elementor-element elementor-element-e4b1574 elementor-widget elementor-widget-heading\" data-id=\"e4b1574\" data-element_type=\"widget\" data-e-type=\"widget\" data-widget_type=\"heading.default\">\n\t\t\t\t\t<div class=\"elementor-heading-title elementor-size-default\"><a href=\"https:\/\/seed.adtg.fr\/es\/region-academica-hdf\/\">Regi\u00f3n acad\u00e9mica<\/a><\/div>\t\t\t\t<\/div>\n\t\t\t\t<div class=\"elementor-element elementor-element-795a483 elementor-widget elementor-widget-heading\" data-id=\"795a483\" data-element_type=\"widget\" data-e-type=\"widget\" data-widget_type=\"heading.default\">\n\t\t\t\t\t<div class=\"elementor-heading-title elementor-size-default\"><a href=\"https:\/\/seed.adtg.fr\/es\/gip-viapro\/\">GIP ViaPro<\/a><\/div>\t\t\t\t<\/div>\n\t\t\t\t<div class=\"elementor-element elementor-element-84015a2 elementor-widget elementor-widget-heading\" data-id=\"84015a2\" data-element_type=\"widget\" data-e-type=\"widget\" data-widget_type=\"heading.default\">\n\t\t\t\t\t<div class=\"elementor-heading-title elementor-size-default\">2025 \u2013 2028<\/div>\t\t\t\t<\/div>\n\t\t\t\t<\/div>\n\t\t\t\t<\/div>\n\t\t<div class=\"elementor-element elementor-element-c31b865 e-con-full e-flex elementor-invisible e-con e-child\" data-id=\"c31b865\" data-element_type=\"container\" data-e-type=\"container\" data-settings=\"{&quot;background_background&quot;:&quot;classic&quot;,&quot;animation&quot;:&quot;slideInDown&quot;,&quot;animation_delay&quot;:500}\">\n\t\t\t\t<div class=\"elementor-element elementor-element-5f03735 elementor-widget elementor-widget-html\" data-id=\"5f03735\" data-element_type=\"widget\" data-e-type=\"widget\" data-widget_type=\"html.default\">\n\t\t\t\t\t<div class=\"sfc-num1\"><div class=\"sfc-num1-lift\"><div class=\"sfc-num1-tile\"><span class=\"sfc-num1-digit\">WP1<\/span><\/div><\/div><\/div><style>.sfc-num1{\n  \/* \u25bc\u25bc \u00c0 MODIFIER \u25bc\u25bc *\/\n  --bg:#E8F0DD;        \/* couleur de fond *\/\n  --ink:#000000;       \/* couleur du texte *\/\n  --height:120px;      \/* hauteur du cadre *\/\n  --font:54px;         \/* taille du texte *\/\n  --pad-x:30px;        \/* marge int\u00e9rieure gauche \/ droite *\/\n  --radius:12px;       \/* arrondi des coins *\/\n  \/* \u25b2\u25b2 \u00c0 MODIFIER \u25b2\u25b2 *\/\n\n  --ease:cubic-bezier(.2,.8,.2,1);\n  display:flex;\n  align-items:center;\n  justify-content:center;\n  padding:34px;\n  perspective:700px;\n}\n\n.sfc-num1-lift{\n  display:inline-block;\n  animation:sfc-num1-float 3.8s var(--ease) .9s infinite;\n  will-change:transform;\n}\n\n.sfc-num1-tile{\n  display:inline-flex;\n  align-items:center;\n  justify-content:center;\n  height:var(--height);\n  min-width:var(--height);        \/* carr\u00e9 pour 1 caract\u00e8re, s'\u00e9largit ensuite *\/\n  padding-inline:var(--pad-x);\n  border-radius:var(--radius);\n  background:var(--bg);\n  overflow:hidden;\n  transform-origin:center bottom;\n  animation:\n    sfc-num1-in .7s var(--ease) both,\n    sfc-num1-glow 3.8s var(--ease) .9s infinite;\n  will-change:transform,opacity,box-shadow;\n}\n\n.sfc-num1-digit{\n  font-family:'Outfit',sans-serif;\n  font-weight:800;\n  font-size:var(--font);\n  line-height:1;\n  letter-spacing:-0.01em;\n  white-space:nowrap;             \/* emp\u00eache le retour \u00e0 la ligne *\/\n  color:var(--ink);\n  display:inline-block;\n  animation:sfc-num1-digit-in .6s var(--ease) .3s both;\n  -webkit-font-smoothing:antialiased;\n}\n\n@keyframes sfc-num1-in{\n  0%{opacity:0;transform:translateY(16px) scale(.9) rotateX(14deg)}\n  100%{opacity:1;transform:translateY(0) scale(1) rotateX(0)}\n}\n@keyframes sfc-num1-digit-in{\n  0%{opacity:0;transform:translateY(115%)}\n  100%{opacity:1;transform:translateY(0)}\n}\n@keyframes sfc-num1-float{\n  0%,100%{transform:translateY(0)}\n  50%{transform:translateY(-9px)}\n}\n@keyframes sfc-num1-glow{\n  0%,100%{box-shadow:0 14px 22px -10px color-mix(in srgb,var(--bg) 50%,transparent)}\n  50%{box-shadow:0 26px 34px -12px color-mix(in srgb,var(--bg) 38%,transparent)}\n}\n\nbody.elementor-editor-active .sfc-num1-lift,\nbody.elementor-editor-active .sfc-num1-tile,\nbody.elementor-editor-active .sfc-num1-digit{animation:none!important}\nbody.elementor-editor-active .sfc-num1-tile{\n  box-shadow:0 18px 28px -12px color-mix(in srgb,var(--bg) 45%,transparent);\n}\n\n@media (prefers-reduced-motion:reduce){\n  .sfc-num1-lift,.sfc-num1-tile,.sfc-num1-digit{animation:none!important}\n  .sfc-num1-tile{box-shadow:0 18px 28px -12px color-mix(in srgb,var(--bg) 45%,transparent)}\n}\n<\/style>\t\t\t\t<\/div>\n\t\t\t\t<\/div>\n\t\t\t\t\t<\/div>\n\t\t\t\t<\/div>\n\t\t\t\t<\/div>\n\t\t\t\t\t<\/div>\n\t\t\t\t<\/div>\n\t\t<div class=\"elementor-element elementor-element-909344a e-flex e-con-boxed e-con e-parent\" data-id=\"909344a\" data-element_type=\"container\" data-e-type=\"container\" data-settings=\"{&quot;background_background&quot;:&quot;classic&quot;}\">\n\t\t\t\t\t<div class=\"e-con-inner\">\n\t\t<div class=\"elementor-element elementor-element-b009e0b e-con-full js-conv-scene e-flex e-con e-child\" data-id=\"b009e0b\" data-element_type=\"container\" data-e-type=\"container\">\n\t\t<div class=\"elementor-element elementor-element-8283aab e-con-full js-conv-left e-flex e-con e-child\" data-id=\"8283aab\" data-element_type=\"container\" data-e-type=\"container\">\n\t\t\t\t<div class=\"elementor-element elementor-element-dfee7fd sfc-eyebrow elementor-widget elementor-widget-heading\" data-id=\"dfee7fd\" data-element_type=\"widget\" data-e-type=\"widget\" data-widget_type=\"heading.default\">\n\t\t\t\t\t<div class=\"elementor-heading-title elementor-size-default\">Actividades<\/div>\t\t\t\t<\/div>\n\t\t\t\t<div class=\"elementor-element elementor-element-c6e231a elementor-widget elementor-widget-heading\" data-id=\"c6e231a\" data-element_type=\"widget\" data-e-type=\"widget\" data-widget_type=\"heading.default\">\n\t\t\t\t\t<h2 class=\"elementor-heading-title elementor-size-default\">Coordinar, <span class=\"accent-2\">hacer seguimiento<\/span>, <em>incluir.<\/em><\/h2>\t\t\t\t<\/div>\n\t\t\t\t<\/div>\n\t\t<div class=\"elementor-element elementor-element-b5293d8 e-con-full js-conv-right e-flex e-con e-child\" data-id=\"b5293d8\" data-element_type=\"container\" data-e-type=\"container\">\n\t\t\t\t<div class=\"elementor-element elementor-element-3ed03d9 elementor-widget elementor-widget-text-editor\" data-id=\"3ed03d9\" data-element_type=\"widget\" data-e-type=\"widget\" data-widget_type=\"text-editor.default\">\n\t\t\t\t\t\t\t\t\t<p>El <b>Work Package 1<\/b> se refiere a la gesti\u00f3n y coordinaci\u00f3n generales del proyecto. Est\u00e1 liderado por GIP FCIP y DRAREIC Hauts-de-France, con un comit\u00e9 de coordinaci\u00f3n que re\u00fane a todos los socios. Este comit\u00e9 se re\u00fane peri\u00f3dicamente (aproximadamente una vez al mes por videoconferencia) para hacer seguimiento del avance del proyecto, del cumplimiento del calendario, del presupuesto y de los objetivos. Cada socio designa a dos personas de contacto para garantizar el seguimiento y contribuir a los informes del proyecto.   <\/p>\t\t\t\t\t\t\t\t<\/div>\n\t\t<div class=\"elementor-element elementor-element-76abb6d e-con-full e-grid e-con e-child\" data-id=\"76abb6d\" data-element_type=\"container\" data-e-type=\"container\">\n\t\t<div class=\"elementor-element elementor-element-4c82ac2 e-con-full e-transform e-flex e-con e-child\" data-id=\"4c82ac2\" data-element_type=\"container\" data-e-type=\"container\" data-settings=\"{&quot;background_background&quot;:&quot;classic&quot;,&quot;_transform_translateY_effect_hover&quot;:{&quot;unit&quot;:&quot;px&quot;,&quot;size&quot;:-5,&quot;sizes&quot;:[]},&quot;_transform_translateX_effect_hover&quot;:{&quot;unit&quot;:&quot;px&quot;,&quot;size&quot;:&quot;&quot;,&quot;sizes&quot;:[]},&quot;_transform_translateX_effect_hover_tablet&quot;:{&quot;unit&quot;:&quot;px&quot;,&quot;size&quot;:&quot;&quot;,&quot;sizes&quot;:[]},&quot;_transform_translateX_effect_hover_mobile&quot;:{&quot;unit&quot;:&quot;px&quot;,&quot;size&quot;:&quot;&quot;,&quot;sizes&quot;:[]},&quot;_transform_translateY_effect_hover_tablet&quot;:{&quot;unit&quot;:&quot;px&quot;,&quot;size&quot;:&quot;&quot;,&quot;sizes&quot;:[]},&quot;_transform_translateY_effect_hover_mobile&quot;:{&quot;unit&quot;:&quot;px&quot;,&quot;size&quot;:&quot;&quot;,&quot;sizes&quot;:[]}}\">\n\t\t\t\t<div class=\"elementor-element elementor-element-954b63e elementor-widget elementor-widget-heading\" data-id=\"954b63e\" data-element_type=\"widget\" data-e-type=\"widget\" data-widget_type=\"heading.default\">\n\t\t\t\t\t<h3 class=\"elementor-heading-title elementor-size-default\">Seguimiento <\/h3>\t\t\t\t<\/div>\n\t\t\t\t<div class=\"elementor-element elementor-element-161289e elementor-widget elementor-widget-text-editor\" data-id=\"161289e\" data-element_type=\"widget\" data-e-type=\"widget\" data-widget_type=\"text-editor.default\">\n\t\t\t\t\t\t\t\t\t<p>El seguimiento se basa en herramientas compartidas (calendario, presupuesto, indicadores) y reuniones peri\u00f3dicas, especialmente durante etapas clave como las actividades de movilidad y las fases de prueba o formaci\u00f3n.<\/p>\t\t\t\t\t\t\t\t<\/div>\n\t\t\t\t<\/div>\n\t\t<div class=\"elementor-element elementor-element-74c2550 e-con-full e-transform e-flex e-con e-child\" data-id=\"74c2550\" data-element_type=\"container\" data-e-type=\"container\" data-settings=\"{&quot;background_background&quot;:&quot;classic&quot;,&quot;_transform_translateY_effect_hover&quot;:{&quot;unit&quot;:&quot;px&quot;,&quot;size&quot;:-5,&quot;sizes&quot;:[]},&quot;_transform_translateX_effect_hover&quot;:{&quot;unit&quot;:&quot;px&quot;,&quot;size&quot;:&quot;&quot;,&quot;sizes&quot;:[]},&quot;_transform_translateX_effect_hover_tablet&quot;:{&quot;unit&quot;:&quot;px&quot;,&quot;size&quot;:&quot;&quot;,&quot;sizes&quot;:[]},&quot;_transform_translateX_effect_hover_mobile&quot;:{&quot;unit&quot;:&quot;px&quot;,&quot;size&quot;:&quot;&quot;,&quot;sizes&quot;:[]},&quot;_transform_translateY_effect_hover_tablet&quot;:{&quot;unit&quot;:&quot;px&quot;,&quot;size&quot;:&quot;&quot;,&quot;sizes&quot;:[]},&quot;_transform_translateY_effect_hover_mobile&quot;:{&quot;unit&quot;:&quot;px&quot;,&quot;size&quot;:&quot;&quot;,&quot;sizes&quot;:[]}}\">\n\t\t\t\t<div class=\"elementor-element elementor-element-06930cb elementor-widget elementor-widget-heading\" data-id=\"06930cb\" data-element_type=\"widget\" data-e-type=\"widget\" data-widget_type=\"heading.default\">\n\t\t\t\t\t<h3 class=\"elementor-heading-title elementor-size-default\">Gesti\u00f3n financiera y del calendario <\/h3>\t\t\t\t<\/div>\n\t\t\t\t<div class=\"elementor-element elementor-element-368ff0d elementor-widget elementor-widget-text-editor\" data-id=\"368ff0d\" data-element_type=\"widget\" data-e-type=\"widget\" data-widget_type=\"text-editor.default\">\n\t\t\t\t\t\t\t\t\t<p>La gesti\u00f3n financiera y del calendario se garantiza de forma colectiva desde la fase de preparaci\u00f3n del proyecto para asegurar una buena organizaci\u00f3n y un inicio r\u00e1pido una vez se valide la financiaci\u00f3n.<\/p>\t\t\t\t\t\t\t\t<\/div>\n\t\t\t\t<\/div>\n\t\t<div class=\"elementor-element elementor-element-0967804 e-con-full e-transform e-flex e-con e-child\" data-id=\"0967804\" data-element_type=\"container\" data-e-type=\"container\" data-settings=\"{&quot;background_background&quot;:&quot;classic&quot;,&quot;_transform_translateY_effect_hover&quot;:{&quot;unit&quot;:&quot;px&quot;,&quot;size&quot;:-5,&quot;sizes&quot;:[]},&quot;_transform_translateX_effect_hover&quot;:{&quot;unit&quot;:&quot;px&quot;,&quot;size&quot;:&quot;&quot;,&quot;sizes&quot;:[]},&quot;_transform_translateX_effect_hover_tablet&quot;:{&quot;unit&quot;:&quot;px&quot;,&quot;size&quot;:&quot;&quot;,&quot;sizes&quot;:[]},&quot;_transform_translateX_effect_hover_mobile&quot;:{&quot;unit&quot;:&quot;px&quot;,&quot;size&quot;:&quot;&quot;,&quot;sizes&quot;:[]},&quot;_transform_translateY_effect_hover_tablet&quot;:{&quot;unit&quot;:&quot;px&quot;,&quot;size&quot;:&quot;&quot;,&quot;sizes&quot;:[]},&quot;_transform_translateY_effect_hover_mobile&quot;:{&quot;unit&quot;:&quot;px&quot;,&quot;size&quot;:&quot;&quot;,&quot;sizes&quot;:[]}}\">\n\t\t\t\t<div class=\"elementor-element elementor-element-8b52e12 elementor-widget elementor-widget-heading\" data-id=\"8b52e12\" data-element_type=\"widget\" data-e-type=\"widget\" data-widget_type=\"heading.default\">\n\t\t\t\t\t<h3 class=\"elementor-heading-title elementor-size-default\">Inclusi\u00f3n<\/h3>\t\t\t\t<\/div>\n\t\t\t\t<div class=\"elementor-element elementor-element-31bfb74 elementor-widget elementor-widget-text-editor\" data-id=\"31bfb74\" data-element_type=\"widget\" data-e-type=\"widget\" data-widget_type=\"text-editor.default\">\n\t\t\t\t\t\t\t\t\t<p>El proyecto tambi\u00e9n presta especial atenci\u00f3n a la inclusi\u00f3n: todas las actividades est\u00e1n dise\u00f1adas para ser accesibles al p\u00fablico m\u00e1s amplio posible, en particular a las personas con discapacidad o alejadas de la cultura.<\/p>\t\t\t\t\t\t\t\t<\/div>\n\t\t\t\t<\/div>\n\t\t<div class=\"elementor-element elementor-element-8b10603 e-con-full e-transform e-flex e-con e-child\" data-id=\"8b10603\" data-element_type=\"container\" data-e-type=\"container\" data-settings=\"{&quot;background_background&quot;:&quot;classic&quot;,&quot;_transform_translateY_effect_hover&quot;:{&quot;unit&quot;:&quot;px&quot;,&quot;size&quot;:-5,&quot;sizes&quot;:[]},&quot;_transform_translateX_effect_hover&quot;:{&quot;unit&quot;:&quot;px&quot;,&quot;size&quot;:&quot;&quot;,&quot;sizes&quot;:[]},&quot;_transform_translateX_effect_hover_tablet&quot;:{&quot;unit&quot;:&quot;px&quot;,&quot;size&quot;:&quot;&quot;,&quot;sizes&quot;:[]},&quot;_transform_translateX_effect_hover_mobile&quot;:{&quot;unit&quot;:&quot;px&quot;,&quot;size&quot;:&quot;&quot;,&quot;sizes&quot;:[]},&quot;_transform_translateY_effect_hover_tablet&quot;:{&quot;unit&quot;:&quot;px&quot;,&quot;size&quot;:&quot;&quot;,&quot;sizes&quot;:[]},&quot;_transform_translateY_effect_hover_mobile&quot;:{&quot;unit&quot;:&quot;px&quot;,&quot;size&quot;:&quot;&quot;,&quot;sizes&quot;:[]}}\">\n\t\t\t\t<div class=\"elementor-element elementor-element-cb2348f elementor-widget elementor-widget-heading\" data-id=\"cb2348f\" data-element_type=\"widget\" data-e-type=\"widget\" data-widget_type=\"heading.default\">\n\t\t\t\t\t<h3 class=\"elementor-heading-title elementor-size-default\">Herramientas digitales<\/h3>\t\t\t\t<\/div>\n\t\t\t\t<div class=\"elementor-element elementor-element-c3b6d81 elementor-widget elementor-widget-text-editor\" data-id=\"c3b6d81\" data-element_type=\"widget\" data-e-type=\"widget\" data-widget_type=\"text-editor.default\">\n\t\t\t\t\t\t\t\t\t<p>Se utilizan herramientas digitales para facilitar la colaboraci\u00f3n (reuniones en l\u00ednea, intercambio de documentos, comunicaci\u00f3n r\u00e1pida), manteniendo al mismo tiempo actividades presenciales complementadas con contenidos en l\u00ednea.<\/p>\t\t\t\t\t\t\t\t<\/div>\n\t\t\t\t<\/div>\n\t\t<div class=\"elementor-element elementor-element-9ab8a3b e-con-full e-transform e-flex e-con e-child\" data-id=\"9ab8a3b\" data-element_type=\"container\" data-e-type=\"container\" data-settings=\"{&quot;background_background&quot;:&quot;classic&quot;,&quot;_transform_translateY_effect_hover&quot;:{&quot;unit&quot;:&quot;px&quot;,&quot;size&quot;:-5,&quot;sizes&quot;:[]},&quot;_transform_translateX_effect_hover&quot;:{&quot;unit&quot;:&quot;px&quot;,&quot;size&quot;:&quot;&quot;,&quot;sizes&quot;:[]},&quot;_transform_translateX_effect_hover_tablet&quot;:{&quot;unit&quot;:&quot;px&quot;,&quot;size&quot;:&quot;&quot;,&quot;sizes&quot;:[]},&quot;_transform_translateX_effect_hover_mobile&quot;:{&quot;unit&quot;:&quot;px&quot;,&quot;size&quot;:&quot;&quot;,&quot;sizes&quot;:[]},&quot;_transform_translateY_effect_hover_tablet&quot;:{&quot;unit&quot;:&quot;px&quot;,&quot;size&quot;:&quot;&quot;,&quot;sizes&quot;:[]},&quot;_transform_translateY_effect_hover_mobile&quot;:{&quot;unit&quot;:&quot;px&quot;,&quot;size&quot;:&quot;&quot;,&quot;sizes&quot;:[]}}\">\n\t\t\t\t<div class=\"elementor-element elementor-element-df0d63a elementor-widget elementor-widget-heading\" data-id=\"df0d63a\" data-element_type=\"widget\" data-e-type=\"widget\" data-widget_type=\"heading.default\">\n\t\t\t\t\t<h3 class=\"elementor-heading-title elementor-size-default\">Enfoque ecol\u00f3gico <\/h3>\t\t\t\t<\/div>\n\t\t\t\t<div class=\"elementor-element elementor-element-c3d3190 elementor-widget elementor-widget-text-editor\" data-id=\"c3d3190\" data-element_type=\"widget\" data-e-type=\"widget\" data-widget_type=\"text-editor.default\">\n\t\t\t\t\t\t\t\t\t<p>Se integra un enfoque ecol\u00f3gico (transportes m\u00e1s sostenibles, reducci\u00f3n de residuos, elecciones responsables), y el proyecto pretende fomentar la participaci\u00f3n del profesorado y de mediadores culturales para desarrollar la creatividad, el pensamiento cr\u00edtico y la ciudadan\u00eda europea.<\/p>\t\t\t\t\t\t\t\t<\/div>\n\t\t\t\t<\/div>\n\t\t\t\t<\/div>\n\t\t\t\t<\/div>\n\t\t\t\t<\/div>\n\t\t\t\t\t<\/div>\n\t\t\t\t<\/div>\n\t\t<div class=\"elementor-element elementor-element-050c9a7 e-flex e-con-boxed e-con e-parent\" data-id=\"050c9a7\" data-element_type=\"container\" data-e-type=\"container\">\n\t\t\t\t\t<div class=\"e-con-inner\">\n\t\t<div class=\"elementor-element elementor-element-9533b74 e-con-full js-conv-scene e-flex e-con e-child\" data-id=\"9533b74\" data-element_type=\"container\" data-e-type=\"container\">\n\t\t<div class=\"elementor-element elementor-element-94fb240 e-con-full js-conv-left e-flex e-con e-child\" data-id=\"94fb240\" data-element_type=\"container\" data-e-type=\"container\">\n\t\t\t\t<div class=\"elementor-element elementor-element-03f85c0 sfc-eyebrow elementor-widget elementor-widget-heading\" data-id=\"03f85c0\" data-element_type=\"widget\" data-e-type=\"widget\" data-widget_type=\"heading.default\">\n\t\t\t\t\t<div class=\"elementor-heading-title elementor-size-default\">M\u00e9todo<\/div>\t\t\t\t<\/div>\n\t\t\t\t<div class=\"elementor-element elementor-element-3da32a6 elementor-widget elementor-widget-heading\" data-id=\"3da32a6\" data-element_type=\"widget\" data-e-type=\"widget\" data-widget_type=\"heading.default\">\n\t\t\t\t\t<h2 class=\"elementor-heading-title elementor-size-default\">Los <em>otros<\/em> Work Packages.<\/h2>\t\t\t\t<\/div>\n\t\t\t\t<\/div>\n\t\t<div class=\"elementor-element elementor-element-ff7d76a e-con-full js-conv-right e-flex e-con e-child\" data-id=\"ff7d76a\" data-element_type=\"container\" data-e-type=\"container\">\n\t\t<div class=\"elementor-element elementor-element-0d4629e e-con-full e-transform e-flex e-con e-child\" data-id=\"0d4629e\" data-element_type=\"container\" data-e-type=\"container\" data-settings=\"{&quot;_transform_translateX_effect_hover&quot;:{&quot;unit&quot;:&quot;px&quot;,&quot;size&quot;:10,&quot;sizes&quot;:[]},&quot;_transform_translateX_effect_hover_tablet&quot;:{&quot;unit&quot;:&quot;px&quot;,&quot;size&quot;:&quot;&quot;,&quot;sizes&quot;:[]},&quot;_transform_translateX_effect_hover_mobile&quot;:{&quot;unit&quot;:&quot;px&quot;,&quot;size&quot;:&quot;&quot;,&quot;sizes&quot;:[]},&quot;_transform_translateY_effect_hover&quot;:{&quot;unit&quot;:&quot;px&quot;,&quot;size&quot;:&quot;&quot;,&quot;sizes&quot;:[]},&quot;_transform_translateY_effect_hover_tablet&quot;:{&quot;unit&quot;:&quot;px&quot;,&quot;size&quot;:&quot;&quot;,&quot;sizes&quot;:[]},&quot;_transform_translateY_effect_hover_mobile&quot;:{&quot;unit&quot;:&quot;px&quot;,&quot;size&quot;:&quot;&quot;,&quot;sizes&quot;:[]}}\">\n\t\t\t\t<div class=\"elementor-element elementor-element-f1b9467 elementor-widget elementor-widget-heading\" data-id=\"f1b9467\" data-element_type=\"widget\" data-e-type=\"widget\" data-widget_type=\"heading.default\">\n\t\t\t\t\t<div class=\"elementor-heading-title elementor-size-default\">02<\/div>\t\t\t\t<\/div>\n\t\t<div class=\"elementor-element elementor-element-41fc4b4 e-con-full e-flex e-con e-child\" data-id=\"41fc4b4\" data-element_type=\"container\" data-e-type=\"container\">\n\t\t\t\t<div class=\"elementor-element elementor-element-35fb7e3 elementor-widget elementor-widget-heading\" data-id=\"35fb7e3\" data-element_type=\"widget\" data-e-type=\"widget\" data-widget_type=\"heading.default\">\n\t\t\t\t\t<h3 class=\"elementor-heading-title elementor-size-default\"><a href=\"https:\/\/seed.adtg.fr\/es\/work-package-2-estado-de-la-cuestion\/\"><em>Establecer<\/em> el estado del <span class=\"accent-2\">arte europeo<\/span><\/a><\/h3>\t\t\t\t<\/div>\n\t\t\t\t<div class=\"elementor-element elementor-element-62d766d elementor-widget elementor-widget-text-editor\" data-id=\"62d766d\" data-element_type=\"widget\" data-e-type=\"widget\" data-widget_type=\"text-editor.default\">\n\t\t\t\t\t\t\t\t\t<p>Identificar y comprender las pr\u00e1cticas de educaci\u00f3n art\u00edstica y cultural en los pa\u00edses socios para apoyarse en las experiencias m\u00e1s relevantes.<\/p>\t\t\t\t\t\t\t\t<\/div>\n\t\t\t\t<\/div>\n\t\t\t\t<\/div>\n\t\t<div class=\"elementor-element elementor-element-900f73f e-con-full e-transform e-flex e-con e-child\" data-id=\"900f73f\" data-element_type=\"container\" data-e-type=\"container\" data-settings=\"{&quot;_transform_translateX_effect_hover&quot;:{&quot;unit&quot;:&quot;px&quot;,&quot;size&quot;:10,&quot;sizes&quot;:[]},&quot;_transform_translateX_effect_hover_tablet&quot;:{&quot;unit&quot;:&quot;px&quot;,&quot;size&quot;:&quot;&quot;,&quot;sizes&quot;:[]},&quot;_transform_translateX_effect_hover_mobile&quot;:{&quot;unit&quot;:&quot;px&quot;,&quot;size&quot;:&quot;&quot;,&quot;sizes&quot;:[]},&quot;_transform_translateY_effect_hover&quot;:{&quot;unit&quot;:&quot;px&quot;,&quot;size&quot;:&quot;&quot;,&quot;sizes&quot;:[]},&quot;_transform_translateY_effect_hover_tablet&quot;:{&quot;unit&quot;:&quot;px&quot;,&quot;size&quot;:&quot;&quot;,&quot;sizes&quot;:[]},&quot;_transform_translateY_effect_hover_mobile&quot;:{&quot;unit&quot;:&quot;px&quot;,&quot;size&quot;:&quot;&quot;,&quot;sizes&quot;:[]}}\">\n\t\t\t\t<div class=\"elementor-element elementor-element-9be31bf elementor-widget elementor-widget-heading\" data-id=\"9be31bf\" data-element_type=\"widget\" data-e-type=\"widget\" data-widget_type=\"heading.default\">\n\t\t\t\t\t<div class=\"elementor-heading-title elementor-size-default\">03<\/div>\t\t\t\t<\/div>\n\t\t<div class=\"elementor-element elementor-element-bc308e9 e-con-full e-flex e-con e-child\" data-id=\"bc308e9\" data-element_type=\"container\" data-e-type=\"container\">\n\t\t\t\t<div class=\"elementor-element elementor-element-97e7730 elementor-widget elementor-widget-heading\" data-id=\"97e7730\" data-element_type=\"widget\" data-e-type=\"widget\" data-widget_type=\"heading.default\">\n\t\t\t\t\t<h3 class=\"elementor-heading-title elementor-size-default\"><a href=\"https:\/\/seed.adtg.fr\/es\/work-package-3-modulo-de-formacion\/\"><em>Dise\u00f1ar un<\/em> <span class=\"accent-2\">m\u00f3dulo<\/span> de formaci\u00f3n<\/a><\/h3>\t\t\t\t<\/div>\n\t\t\t\t<div class=\"elementor-element elementor-element-d943b20 elementor-widget elementor-widget-text-editor\" data-id=\"d943b20\" data-element_type=\"widget\" data-e-type=\"widget\" data-widget_type=\"text-editor.default\">\n\t\t\t\t\t\t\t\t\t<p>Un itinerario com\u00fan para docentes y profesionales de la cultura, que promueve la coconstrucci\u00f3n de proyectos de educaci\u00f3n art\u00edstica y cultural.<\/p>\t\t\t\t\t\t\t\t<\/div>\n\t\t\t\t<\/div>\n\t\t\t\t<\/div>\n\t\t<div class=\"elementor-element elementor-element-7cfceed e-con-full e-transform e-flex e-con e-child\" data-id=\"7cfceed\" data-element_type=\"container\" data-e-type=\"container\" data-settings=\"{&quot;_transform_translateX_effect_hover&quot;:{&quot;unit&quot;:&quot;px&quot;,&quot;size&quot;:10,&quot;sizes&quot;:[]},&quot;_transform_translateX_effect_hover_tablet&quot;:{&quot;unit&quot;:&quot;px&quot;,&quot;size&quot;:&quot;&quot;,&quot;sizes&quot;:[]},&quot;_transform_translateX_effect_hover_mobile&quot;:{&quot;unit&quot;:&quot;px&quot;,&quot;size&quot;:&quot;&quot;,&quot;sizes&quot;:[]},&quot;_transform_translateY_effect_hover&quot;:{&quot;unit&quot;:&quot;px&quot;,&quot;size&quot;:&quot;&quot;,&quot;sizes&quot;:[]},&quot;_transform_translateY_effect_hover_tablet&quot;:{&quot;unit&quot;:&quot;px&quot;,&quot;size&quot;:&quot;&quot;,&quot;sizes&quot;:[]},&quot;_transform_translateY_effect_hover_mobile&quot;:{&quot;unit&quot;:&quot;px&quot;,&quot;size&quot;:&quot;&quot;,&quot;sizes&quot;:[]}}\">\n\t\t\t\t<div class=\"elementor-element elementor-element-032644a elementor-widget elementor-widget-heading\" data-id=\"032644a\" data-element_type=\"widget\" data-e-type=\"widget\" data-widget_type=\"heading.default\">\n\t\t\t\t\t<div class=\"elementor-heading-title elementor-size-default\">04<\/div>\t\t\t\t<\/div>\n\t\t<div class=\"elementor-element elementor-element-5a33f86 e-con-full e-flex e-con e-child\" data-id=\"5a33f86\" data-element_type=\"container\" data-e-type=\"container\">\n\t\t\t\t<div class=\"elementor-element elementor-element-b42490b elementor-widget elementor-widget-heading\" data-id=\"b42490b\" data-element_type=\"widget\" data-e-type=\"widget\" data-widget_type=\"heading.default\">\n\t\t\t\t\t<h3 class=\"elementor-heading-title elementor-size-default\"><a href=\"https:\/\/seed.adtg.fr\/es\/work-package-4-comunicacion\/\"><em>Difundir y promover<\/em> <span class=\"accent-2\">los resultados<\/span><\/a><\/h3>\t\t\t\t<\/div>\n\t\t\t\t<div class=\"elementor-element elementor-element-c315342 elementor-widget elementor-widget-text-editor\" data-id=\"c315342\" data-element_type=\"widget\" data-e-type=\"widget\" data-widget_type=\"text-editor.default\">\n\t\t\t\t\t\t\t\t\t<p>Comunicar a lo largo de todo el proyecto y difundir ampliamente sus resultados entre p\u00fablicos educativos, culturales e institucionales, as\u00ed como entre el p\u00fablico general.<\/p>\t\t\t\t\t\t\t\t<\/div>\n\t\t\t\t<\/div>\n\t\t\t\t<\/div>\n\t\t\t\t<\/div>\n\t\t\t\t<\/div>\n\t\t\t\t\t<\/div>\n\t\t\t\t<\/div>\n\t\t\t\t<\/div>\n\t\t","protected":false},"excerpt":{"rendered":"<p>PT1 Gesti\u00f3n del proyecto &amp; Coordinaci\u00f3n Liderazgo general del consorcio: seguimiento del calendario, el presupuesto y los objetivos, mediante un enfoque inclusivo, digital y ecol\u00f3gico. Regi\u00f3n acad\u00e9mica GIP ViaPro 2025 \u2013 2028 WP1 Actividades Coordinar, hacer seguimiento, incluir. El Paquete de trabajo 1 se refiere a la gesti\u00f3n y coordinaci\u00f3n generales del proyecto. Est\u00e1 liderado [&hellip;]<\/p>\n","protected":false},"author":1,"featured_media":0,"parent":0,"menu_order":0,"comment_status":"closed","ping_status":"closed","template":"","meta":{"_seopress_titles_title":"Paquete de trabajo 1 \u2014 Gesti\u00f3n y coordinaci\u00f3n | SEEDS for Culture","_seopress_titles_desc":"Paquete de trabajo 1: gesti\u00f3n y coordinaci\u00f3n del proyecto Erasmus+ SEEDS for Culture \u2014 liderazgo del consorcio, seguimiento, inclusi\u00f3n y sostenibilidad.","_seopress_robots_index":"","_seopress_robots_follow":"","_seopress_robots_imageindex":"","_seopress_robots_snippet":"","_seopress_robots_primary_cat":"","_seopress_robots_breadcrumbs":"","_seopress_robots_freeze_modified_date":"","_seopress_robots_custom_modified_date":"","_seopress_robots_canonical":"","_seopress_social_fb_title":"","_seopress_social_fb_desc":"","_seopress_social_fb_img":"","_seopress_social_fb_img_attachment_id":0,"_seopress_social_fb_img_width":0,"_seopress_social_fb_img_height":0,"_seopress_social_twitter_title":"","_seopress_social_twitter_desc":"","_seopress_social_twitter_img":"","_seopress_social_twitter_img_attachment_id":0,"_seopress_social_twitter_img_width":0,"_seopress_social_twitter_img_height":0,"_seopress_redirections_value":"","_seopress_redirections_enabled":"","_seopress_redirections_enabled_regex":"","_seopress_redirections_logged_status":"","_seopress_redirections_param":"","_seopress_redirections_type":0,"_seopress_analysis_target_kw":"","footnotes":""},"class_list":["post-19908","page","type-page","status-publish","hentry"],"_links":{"self":[{"href":"https:\/\/seed.adtg.fr\/es\/wp-json\/wp\/v2\/pages\/19908","targetHints":{"allow":["GET"]}}],"collection":[{"href":"https:\/\/seed.adtg.fr\/es\/wp-json\/wp\/v2\/pages"}],"about":[{"href":"https:\/\/seed.adtg.fr\/es\/wp-json\/wp\/v2\/types\/page"}],"author":[{"embeddable":true,"href":"https:\/\/seed.adtg.fr\/es\/wp-json\/wp\/v2\/users\/1"}],"replies":[{"embeddable":true,"href":"https:\/\/seed.adtg.fr\/es\/wp-json\/wp\/v2\/comments?post=19908"}],"version-history":[{"count":3,"href":"https:\/\/seed.adtg.fr\/es\/wp-json\/wp\/v2\/pages\/19908\/revisions"}],"predecessor-version":[{"id":19926,"href":"https:\/\/seed.adtg.fr\/es\/wp-json\/wp\/v2\/pages\/19908\/revisions\/19926"}],"wp:attachment":[{"href":"https:\/\/seed.adtg.fr\/es\/wp-json\/wp\/v2\/media?parent=19908"}],"curies":[{"name":"wp","href":"https:\/\/api.w.org\/{rel}","templated":true}]}}