{"id":19913,"date":"2026-06-10T16:17:52","date_gmt":"2026-06-10T16:17:52","guid":{"rendered":"https:\/\/seed.adtg.fr\/paquete-de-trabajo-2-estado-de-la-cuestion\/"},"modified":"2026-07-22T10:24:21","modified_gmt":"2026-07-22T10:24:21","slug":"work-package-2-estado-de-la-cuestion","status":"publish","type":"page","link":"https:\/\/seed.adtg.fr\/es\/work-package-2-estado-de-la-cuestion\/","title":{"rendered":"Work Package 2: Estado de la cuesti\u00f3n"},"content":{"rendered":"\t\t<div data-elementor-type=\"wp-page\" data-elementor-id=\"19913\" class=\"elementor elementor-19913 elementor-18429\" data-elementor-post-type=\"page\">\n\t\t\t\t<div class=\"elementor-element elementor-element-35b66e5b e-flex e-con-boxed e-con e-child\" data-id=\"35b66e5b\" data-element_type=\"container\" data-e-type=\"container\">\n\t\t\t\t\t<div class=\"e-con-inner\">\n\t\t<div class=\"elementor-element elementor-element-3f4a4989 e-con-full e-flex e-con e-child\" data-id=\"3f4a4989\" data-element_type=\"container\" data-e-type=\"container\">\n\t\t<div class=\"elementor-element elementor-element-72ad7d9d e-flex e-con-boxed e-con e-child\" data-id=\"72ad7d9d\" data-element_type=\"container\" data-e-type=\"container\">\n\t\t\t\t\t<div class=\"e-con-inner\">\n\t\t<div class=\"elementor-element elementor-element-67dcf712 e-con-full e-flex e-con e-child\" data-id=\"67dcf712\" data-element_type=\"container\" data-e-type=\"container\">\n\t\t\t\t<div class=\"elementor-element elementor-element-e440e09 sfc-pulse-dot elementor-invisible elementor-widget elementor-widget-heading\" data-id=\"e440e09\" data-element_type=\"widget\" data-e-type=\"widget\" data-settings=\"{&quot;_animation&quot;:&quot;slideInRight&quot;}\" data-widget_type=\"heading.default\">\n\t\t\t\t\t<div class=\"elementor-heading-title elementor-size-default\">WP2<\/div>\t\t\t\t<\/div>\n\t\t\t\t<div class=\"elementor-element elementor-element-10fa1634 elementor-invisible elementor-widget elementor-widget-heading\" data-id=\"10fa1634\" data-element_type=\"widget\" data-e-type=\"widget\" data-settings=\"{&quot;_animation&quot;:&quot;slideInLeft&quot;}\" data-widget_type=\"heading.default\">\n\t\t\t\t\t<h1 class=\"elementor-heading-title elementor-size-default\">Establecer el <span class=\"accent-2\">estado del arte<\/span> <em>europeo<\/em><\/h1>\t\t\t\t<\/div>\n\t\t\t\t<div class=\"elementor-element elementor-element-3a1476d1 sfc-lead elementor-widget elementor-widget-text-editor\" data-id=\"3a1476d1\" data-element_type=\"widget\" data-e-type=\"widget\" data-widget_type=\"text-editor.default\">\n\t\t\t\t\t\t\t\t\t<p>Identificar pr\u00e1cticas innovadoras en educaci\u00f3n art\u00edstica y cultural en los pa\u00edses socios, para construir una base compartida de buenas pr\u00e1cticas.<\/p>\t\t\t\t\t\t\t\t<\/div>\n\t\t<div class=\"elementor-element elementor-element-49ff19f0 e-con-full e-flex e-con e-child\" data-id=\"49ff19f0\" data-element_type=\"container\" data-e-type=\"container\">\n\t\t\t\t<div class=\"elementor-element elementor-element-332f3c7d elementor-widget elementor-widget-heading\" data-id=\"332f3c7d\" data-element_type=\"widget\" data-e-type=\"widget\" data-widget_type=\"heading.default\">\n\t\t\t\t\t<div class=\"elementor-heading-title elementor-size-default\"><a href=\"https:\/\/seed.adtg.fr\/es\/socios-de-seeds-for-culture\/\">Coordinaci\u00f3n colectiva<\/a><\/div>\t\t\t\t<\/div>\n\t\t\t\t<div class=\"elementor-element elementor-element-12a08480 elementor-widget elementor-widget-heading\" data-id=\"12a08480\" data-element_type=\"widget\" data-e-type=\"widget\" data-widget_type=\"heading.default\">\n\t\t\t\t\t<div class=\"elementor-heading-title elementor-size-default\">2025\u20132026<\/div>\t\t\t\t<\/div>\n\t\t\t\t<\/div>\n\t\t\t\t<\/div>\n\t\t<div class=\"elementor-element elementor-element-662a509e e-con-full e-flex elementor-invisible e-con e-child\" data-id=\"662a509e\" data-element_type=\"container\" data-e-type=\"container\" data-settings=\"{&quot;background_background&quot;:&quot;classic&quot;,&quot;animation&quot;:&quot;slideInDown&quot;,&quot;animation_delay&quot;:500}\">\n\t\t\t\t<div class=\"elementor-element elementor-element-5d6db8b6 elementor-widget elementor-widget-html\" data-id=\"5d6db8b6\" data-element_type=\"widget\" data-e-type=\"widget\" data-widget_type=\"html.default\">\n\t\t\t\t\t<div class=\"sfc-num1\"><div class=\"sfc-num1-lift\"><div class=\"sfc-num1-tile\"><span class=\"sfc-num1-digit\">WP2<\/span><\/div><\/div><\/div><style>.sfc-num1{\n  \/* \u25bc\u25bc \u00c0 MODIFIER \u25bc\u25bc *\/\n  --bg:#F5E1ED;        \/* couleur de fond *\/\n  --ink:#000000;       \/* couleur du texte *\/\n  --height:120px;      \/* hauteur du cadre *\/\n  --font:54px;         \/* taille du texte *\/\n  --pad-x:30px;        \/* marge int\u00e9rieure gauche \/ droite *\/\n  --radius:12px;       \/* arrondi des coins *\/\n  \/* \u25b2\u25b2 \u00c0 MODIFIER \u25b2\u25b2 *\/\n\n  --ease:cubic-bezier(.2,.8,.2,1);\n  display:flex;\n  align-items:center;\n  justify-content:center;\n  padding:34px;\n  perspective:700px;\n}\n\n.sfc-num1-lift{\n  display:inline-block;\n  animation:sfc-num1-float 3.8s var(--ease) .9s infinite;\n  will-change:transform;\n}\n\n.sfc-num1-tile{\n  display:inline-flex;\n  align-items:center;\n  justify-content:center;\n  height:var(--height);\n  min-width:var(--height);        \/* carr\u00e9 pour 1 caract\u00e8re, s'\u00e9largit ensuite *\/\n  padding-inline:var(--pad-x);\n  border-radius:var(--radius);\n  background:var(--bg);\n  overflow:hidden;\n  transform-origin:center bottom;\n  animation:\n    sfc-num1-in .7s var(--ease) both,\n    sfc-num1-glow 3.8s var(--ease) .9s infinite;\n  will-change:transform,opacity,box-shadow;\n}\n\n.sfc-num1-digit{\n  font-family:'Outfit',sans-serif;\n  font-weight:800;\n  font-size:var(--font);\n  line-height:1;\n  letter-spacing:-0.01em;\n  white-space:nowrap;             \/* emp\u00eache le retour \u00e0 la ligne *\/\n  color:var(--ink);\n  display:inline-block;\n  animation:sfc-num1-digit-in .6s var(--ease) .3s both;\n  -webkit-font-smoothing:antialiased;\n}\n\n@keyframes sfc-num1-in{\n  0%{opacity:0;transform:translateY(16px) scale(.9) rotateX(14deg)}\n  100%{opacity:1;transform:translateY(0) scale(1) rotateX(0)}\n}\n@keyframes sfc-num1-digit-in{\n  0%{opacity:0;transform:translateY(115%)}\n  100%{opacity:1;transform:translateY(0)}\n}\n@keyframes sfc-num1-float{\n  0%,100%{transform:translateY(0)}\n  50%{transform:translateY(-9px)}\n}\n@keyframes sfc-num1-glow{\n  0%,100%{box-shadow:0 14px 22px -10px color-mix(in srgb,var(--bg) 50%,transparent)}\n  50%{box-shadow:0 26px 34px -12px color-mix(in srgb,var(--bg) 38%,transparent)}\n}\n\nbody.elementor-editor-active .sfc-num1-lift,\nbody.elementor-editor-active .sfc-num1-tile,\nbody.elementor-editor-active .sfc-num1-digit{animation:none!important}\nbody.elementor-editor-active .sfc-num1-tile{\n  box-shadow:0 18px 28px -12px color-mix(in srgb,var(--bg) 45%,transparent);\n}\n\n@media (prefers-reduced-motion:reduce){\n  .sfc-num1-lift,.sfc-num1-tile,.sfc-num1-digit{animation:none!important}\n  .sfc-num1-tile{box-shadow:0 18px 28px -12px color-mix(in srgb,var(--bg) 45%,transparent)}\n}\n<\/style>\t\t\t\t<\/div>\n\t\t\t\t<\/div>\n\t\t\t\t\t<\/div>\n\t\t\t\t<\/div>\n\t\t\t\t<\/div>\n\t\t\t\t\t<\/div>\n\t\t\t\t<\/div>\n\t\t<div class=\"elementor-element elementor-element-2c3765b3 e-flex e-con-boxed e-con e-parent\" data-id=\"2c3765b3\" data-element_type=\"container\" data-e-type=\"container\" data-settings=\"{&quot;background_background&quot;:&quot;classic&quot;}\">\n\t\t\t\t\t<div class=\"e-con-inner\">\n\t\t<div class=\"elementor-element elementor-element-6aa9e0b e-con-full js-conv-scene e-flex e-con e-child\" data-id=\"6aa9e0b\" data-element_type=\"container\" data-e-type=\"container\">\n\t\t<div class=\"elementor-element elementor-element-f7924f0 e-con-full js-conv-left e-flex e-con e-child\" data-id=\"f7924f0\" data-element_type=\"container\" data-e-type=\"container\">\n\t\t\t\t<div class=\"elementor-element elementor-element-29932119 sfc-eyebrow elementor-widget elementor-widget-heading\" data-id=\"29932119\" data-element_type=\"widget\" data-e-type=\"widget\" data-widget_type=\"heading.default\">\n\t\t\t\t\t<div class=\"elementor-heading-title elementor-size-default\">Actividades<\/div>\t\t\t\t<\/div>\n\t\t\t\t<div class=\"elementor-element elementor-element-3e2a5713 elementor-widget elementor-widget-heading\" data-id=\"3e2a5713\" data-element_type=\"widget\" data-e-type=\"widget\" data-widget_type=\"heading.default\">\n\t\t\t\t\t<h2 class=\"elementor-heading-title elementor-size-default\">Identificar, <span class=\"accent-2\">compartir<\/span>, <em>difundir.<\/em><\/h2>\t\t\t\t<\/div>\n\t\t\t\t<\/div>\n\t\t<div class=\"elementor-element elementor-element-58773c19 e-con-full js-conv-right e-flex e-con e-child\" data-id=\"58773c19\" data-element_type=\"container\" data-e-type=\"container\">\n\t\t\t\t<div class=\"elementor-element elementor-element-3c2e4321 elementor-widget elementor-widget-text-editor\" data-id=\"3c2e4321\" data-element_type=\"widget\" data-e-type=\"widget\" data-widget_type=\"text-editor.default\">\n\t\t\t\t\t\t\t\t\t<p>El <strong>Work Package 2<\/strong> tiene como objetivo establecer un estado de la cuesti\u00f3n de las pr\u00e1cticas de educaci\u00f3n art\u00edstica y cultural en los pa\u00edses socios. Ayuda a identificar y comprender las iniciativas existentes, con el fin de aprovechar las experiencias m\u00e1s relevantes para el proyecto. <\/p>\t\t\t\t\t\t\t\t<\/div>\n\t\t<div class=\"elementor-element elementor-element-469b59e8 e-con-full e-grid e-con e-child\" data-id=\"469b59e8\" data-element_type=\"container\" data-e-type=\"container\">\n\t\t<div class=\"elementor-element elementor-element-52607a69 e-con-full e-transform e-flex e-con e-child\" data-id=\"52607a69\" data-element_type=\"container\" data-e-type=\"container\" data-settings=\"{&quot;background_background&quot;:&quot;classic&quot;,&quot;_transform_translateY_effect_hover&quot;:{&quot;unit&quot;:&quot;px&quot;,&quot;size&quot;:-5,&quot;sizes&quot;:[]},&quot;_transform_translateX_effect_hover&quot;:{&quot;unit&quot;:&quot;px&quot;,&quot;size&quot;:&quot;&quot;,&quot;sizes&quot;:[]},&quot;_transform_translateX_effect_hover_tablet&quot;:{&quot;unit&quot;:&quot;px&quot;,&quot;size&quot;:&quot;&quot;,&quot;sizes&quot;:[]},&quot;_transform_translateX_effect_hover_mobile&quot;:{&quot;unit&quot;:&quot;px&quot;,&quot;size&quot;:&quot;&quot;,&quot;sizes&quot;:[]},&quot;_transform_translateY_effect_hover_tablet&quot;:{&quot;unit&quot;:&quot;px&quot;,&quot;size&quot;:&quot;&quot;,&quot;sizes&quot;:[]},&quot;_transform_translateY_effect_hover_mobile&quot;:{&quot;unit&quot;:&quot;px&quot;,&quot;size&quot;:&quot;&quot;,&quot;sizes&quot;:[]}}\">\n\t\t\t\t<div class=\"elementor-element elementor-element-7da4a89f elementor-widget elementor-widget-heading\" data-id=\"7da4a89f\" data-element_type=\"widget\" data-e-type=\"widget\" data-widget_type=\"heading.default\">\n\t\t\t\t\t<h3 class=\"elementor-heading-title elementor-size-default\">Inventario de pr\u00e1cticas innovadoras<\/h3>\t\t\t\t<\/div>\n\t\t\t\t<div class=\"elementor-element elementor-element-79a6bd5e elementor-widget elementor-widget-text-editor\" data-id=\"79a6bd5e\" data-element_type=\"widget\" data-e-type=\"widget\" data-widget_type=\"text-editor.default\">\n\t\t\t\t\t\t\t\t\t<p>Una tarea inicial es identificar y analizar las buenas pr\u00e1cticas en educaci\u00f3n art\u00edstica y cultural en cada pa\u00eds socio. Cada organizaci\u00f3n aporta ejemplos de su contexto local, con el fin de construir una visi\u00f3n global y comparativa de las iniciativas existentes en Europa. Este inventario destaca las fortalezas, limitaciones y lecciones aprendidas de estas experiencias.  <\/p>\t\t\t\t\t\t\t\t<\/div>\n\t\t\t\t<\/div>\n\t\t<div class=\"elementor-element elementor-element-770c4c03 e-con-full e-transform e-flex e-con e-child\" data-id=\"770c4c03\" data-element_type=\"container\" data-e-type=\"container\" data-settings=\"{&quot;background_background&quot;:&quot;classic&quot;,&quot;_transform_translateY_effect_hover&quot;:{&quot;unit&quot;:&quot;px&quot;,&quot;size&quot;:-5,&quot;sizes&quot;:[]},&quot;_transform_translateX_effect_hover&quot;:{&quot;unit&quot;:&quot;px&quot;,&quot;size&quot;:&quot;&quot;,&quot;sizes&quot;:[]},&quot;_transform_translateX_effect_hover_tablet&quot;:{&quot;unit&quot;:&quot;px&quot;,&quot;size&quot;:&quot;&quot;,&quot;sizes&quot;:[]},&quot;_transform_translateX_effect_hover_mobile&quot;:{&quot;unit&quot;:&quot;px&quot;,&quot;size&quot;:&quot;&quot;,&quot;sizes&quot;:[]},&quot;_transform_translateY_effect_hover_tablet&quot;:{&quot;unit&quot;:&quot;px&quot;,&quot;size&quot;:&quot;&quot;,&quot;sizes&quot;:[]},&quot;_transform_translateY_effect_hover_mobile&quot;:{&quot;unit&quot;:&quot;px&quot;,&quot;size&quot;:&quot;&quot;,&quot;sizes&quot;:[]}}\">\n\t\t\t\t<div class=\"elementor-element elementor-element-2232d30 elementor-widget elementor-widget-heading\" data-id=\"2232d30\" data-element_type=\"widget\" data-e-type=\"widget\" data-widget_type=\"heading.default\">\n\t\t\t\t\t<h3 class=\"elementor-heading-title elementor-size-default\">Conferencia europea<\/h3>\t\t\t\t<\/div>\n\t\t\t\t<div class=\"elementor-element elementor-element-617c5d29 elementor-widget elementor-widget-text-editor\" data-id=\"617c5d29\" data-element_type=\"widget\" data-e-type=\"widget\" data-widget_type=\"text-editor.default\">\n\t\t\t\t\t\t\t\t\t<p>Una conferencia europea organizada en Amiens M\u00e9tropole en octubre de 2025 marca el punto de partida para el trabajo de este Work Package. Este evento re\u00fane a todos los socios y brinda la oportunidad de debatir los desaf\u00edos de la educaci\u00f3n art\u00edstica y cultural en los territorios europeos. Fomenta el intercambio de experiencias y lanza el impulso compartido del proyecto.  <\/p>\t\t\t\t\t\t\t\t<\/div>\n\t\t\t\t<\/div>\n\t\t<div class=\"elementor-element elementor-element-7c19479c e-con-full e-transform e-flex e-con e-child\" data-id=\"7c19479c\" data-element_type=\"container\" data-e-type=\"container\" data-settings=\"{&quot;background_background&quot;:&quot;classic&quot;,&quot;_transform_translateY_effect_hover&quot;:{&quot;unit&quot;:&quot;px&quot;,&quot;size&quot;:-5,&quot;sizes&quot;:[]},&quot;_transform_translateX_effect_hover&quot;:{&quot;unit&quot;:&quot;px&quot;,&quot;size&quot;:&quot;&quot;,&quot;sizes&quot;:[]},&quot;_transform_translateX_effect_hover_tablet&quot;:{&quot;unit&quot;:&quot;px&quot;,&quot;size&quot;:&quot;&quot;,&quot;sizes&quot;:[]},&quot;_transform_translateX_effect_hover_mobile&quot;:{&quot;unit&quot;:&quot;px&quot;,&quot;size&quot;:&quot;&quot;,&quot;sizes&quot;:[]},&quot;_transform_translateY_effect_hover_tablet&quot;:{&quot;unit&quot;:&quot;px&quot;,&quot;size&quot;:&quot;&quot;,&quot;sizes&quot;:[]},&quot;_transform_translateY_effect_hover_mobile&quot;:{&quot;unit&quot;:&quot;px&quot;,&quot;size&quot;:&quot;&quot;,&quot;sizes&quot;:[]}}\">\n\t\t\t\t<div class=\"elementor-element elementor-element-6e2da99f elementor-widget elementor-widget-heading\" data-id=\"6e2da99f\" data-element_type=\"widget\" data-e-type=\"widget\" data-widget_type=\"heading.default\">\n\t\t\t\t\t<h3 class=\"elementor-heading-title elementor-size-default\">Gu\u00eda de buenas pr\u00e1cticas <\/h3>\t\t\t\t<\/div>\n\t\t\t\t<div class=\"elementor-element elementor-element-770077e8 elementor-widget elementor-widget-text-editor\" data-id=\"770077e8\" data-element_type=\"widget\" data-e-type=\"widget\" data-widget_type=\"text-editor.default\">\n\t\t\t\t\t\t\t\t\t<p>El trabajo de an\u00e1lisis y los intercambios entre socios conducir\u00e1n a la creaci\u00f3n de una gu\u00eda de buenas pr\u00e1cticas en educaci\u00f3n art\u00edstica y cultural. Este documento conciso y accesible presenta las experiencias m\u00e1s inspiradoras y sirve como herramienta pr\u00e1ctica para los profesionales. Tambi\u00e9n proporciona una base esencial para las pr\u00f3ximas etapas del proyecto, en particular para el dise\u00f1o del m\u00f3dulo de formaci\u00f3n.  <\/p>\t\t\t\t\t\t\t\t<\/div>\n\t\t\t\t<\/div>\n\t\t\t\t<\/div>\n\t\t\t\t<\/div>\n\t\t\t\t<\/div>\n\t\t\t\t\t<\/div>\n\t\t\t\t<\/div>\n\t\t<div class=\"elementor-element elementor-element-773a9dd2 e-flex e-con-boxed e-con e-parent\" data-id=\"773a9dd2\" data-element_type=\"container\" data-e-type=\"container\">\n\t\t\t\t\t<div class=\"e-con-inner\">\n\t\t<div class=\"elementor-element elementor-element-3fcb8b4 e-con-full js-conv-scene e-flex e-con e-child\" data-id=\"3fcb8b4\" data-element_type=\"container\" data-e-type=\"container\">\n\t\t<div class=\"elementor-element elementor-element-52689cc9 e-con-full js-conv-left e-flex e-con e-child\" data-id=\"52689cc9\" data-element_type=\"container\" data-e-type=\"container\">\n\t\t\t\t<div class=\"elementor-element elementor-element-255f99b sfc-eyebrow elementor-widget elementor-widget-heading\" data-id=\"255f99b\" data-element_type=\"widget\" data-e-type=\"widget\" data-widget_type=\"heading.default\">\n\t\t\t\t\t<div class=\"elementor-heading-title elementor-size-default\">M\u00e9todo<\/div>\t\t\t\t<\/div>\n\t\t\t\t<div class=\"elementor-element elementor-element-4e9c6e2a elementor-widget elementor-widget-heading\" data-id=\"4e9c6e2a\" data-element_type=\"widget\" data-e-type=\"widget\" data-widget_type=\"heading.default\">\n\t\t\t\t\t<h2 class=\"elementor-heading-title elementor-size-default\">Los <em>otros<\/em> Work Packages.<\/h2>\t\t\t\t<\/div>\n\t\t\t\t<\/div>\n\t\t<div class=\"elementor-element elementor-element-10951292 e-con-full js-conv-right e-flex e-con e-child\" data-id=\"10951292\" data-element_type=\"container\" data-e-type=\"container\">\n\t\t<div class=\"elementor-element elementor-element-606b408a e-con-full e-transform e-flex e-con e-child\" data-id=\"606b408a\" data-element_type=\"container\" data-e-type=\"container\" data-settings=\"{&quot;_transform_translateX_effect_hover&quot;:{&quot;unit&quot;:&quot;px&quot;,&quot;size&quot;:10,&quot;sizes&quot;:[]},&quot;_transform_translateX_effect_hover_tablet&quot;:{&quot;unit&quot;:&quot;px&quot;,&quot;size&quot;:&quot;&quot;,&quot;sizes&quot;:[]},&quot;_transform_translateX_effect_hover_mobile&quot;:{&quot;unit&quot;:&quot;px&quot;,&quot;size&quot;:&quot;&quot;,&quot;sizes&quot;:[]},&quot;_transform_translateY_effect_hover&quot;:{&quot;unit&quot;:&quot;px&quot;,&quot;size&quot;:&quot;&quot;,&quot;sizes&quot;:[]},&quot;_transform_translateY_effect_hover_tablet&quot;:{&quot;unit&quot;:&quot;px&quot;,&quot;size&quot;:&quot;&quot;,&quot;sizes&quot;:[]},&quot;_transform_translateY_effect_hover_mobile&quot;:{&quot;unit&quot;:&quot;px&quot;,&quot;size&quot;:&quot;&quot;,&quot;sizes&quot;:[]}}\">\n\t\t\t\t<div class=\"elementor-element elementor-element-6f5ab294 elementor-widget elementor-widget-heading\" data-id=\"6f5ab294\" data-element_type=\"widget\" data-e-type=\"widget\" data-widget_type=\"heading.default\">\n\t\t\t\t\t<div class=\"elementor-heading-title elementor-size-default\">01<\/div>\t\t\t\t<\/div>\n\t\t<div class=\"elementor-element elementor-element-44f59051 e-con-full e-flex e-con e-child\" data-id=\"44f59051\" data-element_type=\"container\" data-e-type=\"container\">\n\t\t\t\t<div class=\"elementor-element elementor-element-1e85e749 elementor-widget elementor-widget-heading\" data-id=\"1e85e749\" data-element_type=\"widget\" data-e-type=\"widget\" data-widget_type=\"heading.default\">\n\t\t\t\t\t<h3 class=\"elementor-heading-title elementor-size-default\"><a href=\"https:\/\/seed.adtg.fr\/es\/work-package-1-gestion-del-proyecto\/\"><em>Gesti\u00f3n del proyecto<\/em> y <span class=\"accent-2\">coordinaci\u00f3n<\/span> <\/a><\/h3>\t\t\t\t<\/div>\n\t\t\t\t<div class=\"elementor-element elementor-element-120f812f elementor-widget elementor-widget-text-editor\" data-id=\"120f812f\" data-element_type=\"widget\" data-e-type=\"widget\" data-widget_type=\"text-editor.default\">\n\t\t\t\t\t\t\t\t\t<p>Gesti\u00f3n general del proyecto: coordinaci\u00f3n del consorcio, seguimiento del cronograma, presupuesto e indicadores, dentro de un enfoque inclusivo, digital y ambientalmente responsable.<\/p>\t\t\t\t\t\t\t\t<\/div>\n\t\t\t\t<\/div>\n\t\t\t\t<\/div>\n\t\t<div class=\"elementor-element elementor-element-4eb61419 e-con-full e-transform e-flex e-con e-child\" data-id=\"4eb61419\" data-element_type=\"container\" data-e-type=\"container\" data-settings=\"{&quot;_transform_translateX_effect_hover&quot;:{&quot;unit&quot;:&quot;px&quot;,&quot;size&quot;:10,&quot;sizes&quot;:[]},&quot;_transform_translateX_effect_hover_tablet&quot;:{&quot;unit&quot;:&quot;px&quot;,&quot;size&quot;:&quot;&quot;,&quot;sizes&quot;:[]},&quot;_transform_translateX_effect_hover_mobile&quot;:{&quot;unit&quot;:&quot;px&quot;,&quot;size&quot;:&quot;&quot;,&quot;sizes&quot;:[]},&quot;_transform_translateY_effect_hover&quot;:{&quot;unit&quot;:&quot;px&quot;,&quot;size&quot;:&quot;&quot;,&quot;sizes&quot;:[]},&quot;_transform_translateY_effect_hover_tablet&quot;:{&quot;unit&quot;:&quot;px&quot;,&quot;size&quot;:&quot;&quot;,&quot;sizes&quot;:[]},&quot;_transform_translateY_effect_hover_mobile&quot;:{&quot;unit&quot;:&quot;px&quot;,&quot;size&quot;:&quot;&quot;,&quot;sizes&quot;:[]}}\">\n\t\t\t\t<div class=\"elementor-element elementor-element-2f317faf elementor-widget elementor-widget-heading\" data-id=\"2f317faf\" data-element_type=\"widget\" data-e-type=\"widget\" data-widget_type=\"heading.default\">\n\t\t\t\t\t<div class=\"elementor-heading-title elementor-size-default\">03<\/div>\t\t\t\t<\/div>\n\t\t<div class=\"elementor-element elementor-element-3843593e e-con-full e-flex e-con e-child\" data-id=\"3843593e\" data-element_type=\"container\" data-e-type=\"container\">\n\t\t\t\t<div class=\"elementor-element elementor-element-3197be93 elementor-widget elementor-widget-heading\" data-id=\"3197be93\" data-element_type=\"widget\" data-e-type=\"widget\" data-widget_type=\"heading.default\">\n\t\t\t\t\t<h3 class=\"elementor-heading-title elementor-size-default\"><a href=\"https:\/\/seed.adtg.fr\/es\/work-package-3-modulo-de-formacion\/\"><em>Dise\u00f1ar un<\/em> <span class=\"accent-2\">m\u00f3dulo de formaci\u00f3n<\/span><\/a><\/h3>\t\t\t\t<\/div>\n\t\t\t\t<div class=\"elementor-element elementor-element-37581232 elementor-widget elementor-widget-text-editor\" data-id=\"37581232\" data-element_type=\"widget\" data-e-type=\"widget\" data-widget_type=\"text-editor.default\">\n\t\t\t\t\t\t\t\t\t<p>Un camino compartido para profesores y profesionales de la cultura, fomentando la coconstrucci\u00f3n de proyectos de educaci\u00f3n art\u00edstica y cultural.<\/p>\t\t\t\t\t\t\t\t<\/div>\n\t\t\t\t<\/div>\n\t\t\t\t<\/div>\n\t\t<div class=\"elementor-element elementor-element-3d56f0a3 e-con-full e-transform e-flex e-con e-child\" data-id=\"3d56f0a3\" data-element_type=\"container\" data-e-type=\"container\" data-settings=\"{&quot;_transform_translateX_effect_hover&quot;:{&quot;unit&quot;:&quot;px&quot;,&quot;size&quot;:10,&quot;sizes&quot;:[]},&quot;_transform_translateX_effect_hover_tablet&quot;:{&quot;unit&quot;:&quot;px&quot;,&quot;size&quot;:&quot;&quot;,&quot;sizes&quot;:[]},&quot;_transform_translateX_effect_hover_mobile&quot;:{&quot;unit&quot;:&quot;px&quot;,&quot;size&quot;:&quot;&quot;,&quot;sizes&quot;:[]},&quot;_transform_translateY_effect_hover&quot;:{&quot;unit&quot;:&quot;px&quot;,&quot;size&quot;:&quot;&quot;,&quot;sizes&quot;:[]},&quot;_transform_translateY_effect_hover_tablet&quot;:{&quot;unit&quot;:&quot;px&quot;,&quot;size&quot;:&quot;&quot;,&quot;sizes&quot;:[]},&quot;_transform_translateY_effect_hover_mobile&quot;:{&quot;unit&quot;:&quot;px&quot;,&quot;size&quot;:&quot;&quot;,&quot;sizes&quot;:[]}}\">\n\t\t\t\t<div class=\"elementor-element elementor-element-6d610159 elementor-widget elementor-widget-heading\" data-id=\"6d610159\" data-element_type=\"widget\" data-e-type=\"widget\" data-widget_type=\"heading.default\">\n\t\t\t\t\t<div class=\"elementor-heading-title elementor-size-default\">04<\/div>\t\t\t\t<\/div>\n\t\t<div class=\"elementor-element elementor-element-ba34072 e-con-full e-flex e-con e-child\" data-id=\"ba34072\" data-element_type=\"container\" data-e-type=\"container\">\n\t\t\t\t<div class=\"elementor-element elementor-element-242310e6 elementor-widget elementor-widget-heading\" data-id=\"242310e6\" data-element_type=\"widget\" data-e-type=\"widget\" data-widget_type=\"heading.default\">\n\t\t\t\t\t<h3 class=\"elementor-heading-title elementor-size-default\"><a href=\"https:\/\/seed.adtg.fr\/es\/work-package-4-comunicacion\/\"><em>Difundir y promover<\/em> <span class=\"accent-2\">los resultados<\/span><\/a><\/h3>\t\t\t\t<\/div>\n\t\t\t\t<div class=\"elementor-element elementor-element-609566e1 elementor-widget elementor-widget-text-editor\" data-id=\"609566e1\" data-element_type=\"widget\" data-e-type=\"widget\" data-widget_type=\"text-editor.default\">\n\t\t\t\t\t\t\t\t\t<p>Comunicar durante todo el proyecto y difundir ampliamente sus resultados a audiencias educativas, culturales e institucionales, as\u00ed como al p\u00fablico en general.<\/p>\t\t\t\t\t\t\t\t<\/div>\n\t\t\t\t<\/div>\n\t\t\t\t<\/div>\n\t\t\t\t<\/div>\n\t\t\t\t<\/div>\n\t\t\t\t\t<\/div>\n\t\t\t\t<\/div>\n\t\t\t\t<\/div>\n\t\t","protected":false},"excerpt":{"rendered":"<p>WP2 Establecer el estado del arte europeo Identificar pr\u00e1cticas innovadoras en educaci\u00f3n art\u00edstica y cultural en los pa\u00edses socios, para construir una base compartida de buenas pr\u00e1cticas. Coordinaci\u00f3n colectiva 2025\u20132026 WP2 Actividades Identificar, compartir, difundir. El Paquete de Trabajo 2 tiene como objetivo establecer un estado de la cuesti\u00f3n de las pr\u00e1cticas de educaci\u00f3n art\u00edstica [&hellip;]<\/p>\n","protected":false},"author":1,"featured_media":0,"parent":0,"menu_order":0,"comment_status":"closed","ping_status":"closed","template":"","meta":{"_seopress_titles_title":"WP2 \u2014 Estado de la cuesti\u00f3n y gu\u00eda de buenas pr\u00e1cticas para la educaci\u00f3n art\u00edstica y cultural | SEEDS","_seopress_titles_desc":"Paquete de Trabajo 2: Estado de la cuesti\u00f3n europeo de la educaci\u00f3n art\u00edstica y cultural \u2014 inventario y gu\u00eda de buenas pr\u00e1cticas para el proyecto SEEDS.","_seopress_robots_index":"","_seopress_robots_follow":"","_seopress_robots_imageindex":"","_seopress_robots_snippet":"","_seopress_robots_primary_cat":"","_seopress_robots_breadcrumbs":"","_seopress_robots_freeze_modified_date":"","_seopress_robots_custom_modified_date":"","_seopress_robots_canonical":"","_seopress_social_fb_title":"","_seopress_social_fb_desc":"","_seopress_social_fb_img":"","_seopress_social_fb_img_attachment_id":0,"_seopress_social_fb_img_width":0,"_seopress_social_fb_img_height":0,"_seopress_social_twitter_title":"","_seopress_social_twitter_desc":"","_seopress_social_twitter_img":"","_seopress_social_twitter_img_attachment_id":0,"_seopress_social_twitter_img_width":0,"_seopress_social_twitter_img_height":0,"_seopress_redirections_value":"","_seopress_redirections_enabled":"","_seopress_redirections_enabled_regex":"","_seopress_redirections_logged_status":"","_seopress_redirections_param":"","_seopress_redirections_type":0,"_seopress_analysis_target_kw":"","footnotes":""},"class_list":["post-19913","page","type-page","status-publish","hentry"],"_links":{"self":[{"href":"https:\/\/seed.adtg.fr\/es\/wp-json\/wp\/v2\/pages\/19913","targetHints":{"allow":["GET"]}}],"collection":[{"href":"https:\/\/seed.adtg.fr\/es\/wp-json\/wp\/v2\/pages"}],"about":[{"href":"https:\/\/seed.adtg.fr\/es\/wp-json\/wp\/v2\/types\/page"}],"author":[{"embeddable":true,"href":"https:\/\/seed.adtg.fr\/es\/wp-json\/wp\/v2\/users\/1"}],"replies":[{"embeddable":true,"href":"https:\/\/seed.adtg.fr\/es\/wp-json\/wp\/v2\/comments?post=19913"}],"version-history":[{"count":3,"href":"https:\/\/seed.adtg.fr\/es\/wp-json\/wp\/v2\/pages\/19913\/revisions"}],"predecessor-version":[{"id":19930,"href":"https:\/\/seed.adtg.fr\/es\/wp-json\/wp\/v2\/pages\/19913\/revisions\/19930"}],"wp:attachment":[{"href":"https:\/\/seed.adtg.fr\/es\/wp-json\/wp\/v2\/media?parent=19913"}],"curies":[{"name":"wp","href":"https:\/\/api.w.org\/{rel}","templated":true}]}}