{"id":18429,"date":"2026-06-10T16:17:52","date_gmt":"2026-06-10T16:17:52","guid":{"rendered":"https:\/\/seed.adtg.fr\/?page_id=18429"},"modified":"2026-06-12T09:41:32","modified_gmt":"2026-06-12T09:41:32","slug":"work-package-2-etat-des-lieux","status":"publish","type":"page","link":"https:\/\/seed.adtg.fr\/fr\/work-package-2-etat-des-lieux\/","title":{"rendered":"Work Package 2 : \u00c9tat des lieux"},"content":{"rendered":"\t\t<div data-elementor-type=\"wp-page\" data-elementor-id=\"18429\" class=\"elementor elementor-18429\" data-elementor-post-type=\"page\">\n\t\t\t\t<div class=\"elementor-element elementor-element-35b66e5b e-flex e-con-boxed e-con e-child\" data-id=\"35b66e5b\" data-element_type=\"container\" data-e-type=\"container\">\n\t\t\t\t\t<div class=\"e-con-inner\">\n\t\t<div class=\"elementor-element elementor-element-3f4a4989 e-con-full e-flex e-con e-child\" data-id=\"3f4a4989\" data-element_type=\"container\" data-e-type=\"container\">\n\t\t<div class=\"elementor-element elementor-element-72ad7d9d e-flex e-con-boxed e-con e-child\" data-id=\"72ad7d9d\" data-element_type=\"container\" data-e-type=\"container\">\n\t\t\t\t\t<div class=\"e-con-inner\">\n\t\t<div class=\"elementor-element elementor-element-67dcf712 e-con-full e-flex e-con e-child\" data-id=\"67dcf712\" data-element_type=\"container\" data-e-type=\"container\">\n\t\t\t\t<div class=\"elementor-element elementor-element-e440e09 sfc-pulse-dot elementor-invisible elementor-widget elementor-widget-heading\" data-id=\"e440e09\" data-element_type=\"widget\" data-e-type=\"widget\" data-settings=\"{&quot;_animation&quot;:&quot;slideInRight&quot;}\" data-widget_type=\"heading.default\">\n\t\t\t\t\t<div class=\"elementor-heading-title elementor-size-default\">WP2<\/div>\t\t\t\t<\/div>\n\t\t\t\t<div class=\"elementor-element elementor-element-10fa1634 elementor-invisible elementor-widget elementor-widget-heading\" data-id=\"10fa1634\" data-element_type=\"widget\" data-e-type=\"widget\" data-settings=\"{&quot;_animation&quot;:&quot;slideInLeft&quot;}\" data-widget_type=\"heading.default\">\n\t\t\t\t\t<h1 class=\"elementor-heading-title elementor-size-default\">Dresser l'<em>\u00e9tat de l'art <\/em><span class=\"accent-2\">europ\u00e9en<\/span><\/h1>\t\t\t\t<\/div>\n\t\t\t\t<div class=\"elementor-element elementor-element-3a1476d1 sfc-lead elementor-widget elementor-widget-text-editor\" data-id=\"3a1476d1\" data-element_type=\"widget\" data-e-type=\"widget\" data-widget_type=\"text-editor.default\">\n\t\t\t\t\t\t\t\t\t<p>Recenser les pratiques innovantes d&rsquo;\u00e9ducation artistique et culturelle dans les pays partenaires, pour b\u00e2tir un socle commun de bonnes pratiques.<\/p>\t\t\t\t\t\t\t\t<\/div>\n\t\t<div class=\"elementor-element elementor-element-49ff19f0 e-con-full e-flex e-con e-child\" data-id=\"49ff19f0\" data-element_type=\"container\" data-e-type=\"container\">\n\t\t\t\t<div class=\"elementor-element elementor-element-332f3c7d elementor-widget elementor-widget-heading\" data-id=\"332f3c7d\" data-element_type=\"widget\" data-e-type=\"widget\" data-widget_type=\"heading.default\">\n\t\t\t\t\t<div class=\"elementor-heading-title elementor-size-default\"><a href=\"https:\/\/seed.adtg.fr\/fr\/partenaires-seeds-for-culture\/\">Coordination collective<\/a><\/div>\t\t\t\t<\/div>\n\t\t\t\t<div class=\"elementor-element elementor-element-12a08480 elementor-widget elementor-widget-heading\" data-id=\"12a08480\" data-element_type=\"widget\" data-e-type=\"widget\" data-widget_type=\"heading.default\">\n\t\t\t\t\t<div class=\"elementor-heading-title elementor-size-default\">2025 \u2013 2026<\/div>\t\t\t\t<\/div>\n\t\t\t\t<\/div>\n\t\t\t\t<\/div>\n\t\t<div class=\"elementor-element elementor-element-662a509e e-con-full e-flex elementor-invisible e-con e-child\" data-id=\"662a509e\" data-element_type=\"container\" data-e-type=\"container\" data-settings=\"{&quot;background_background&quot;:&quot;classic&quot;,&quot;animation&quot;:&quot;slideInDown&quot;,&quot;animation_delay&quot;:500}\">\n\t\t\t\t<div class=\"elementor-element elementor-element-5d6db8b6 elementor-widget elementor-widget-html\" data-id=\"5d6db8b6\" data-element_type=\"widget\" data-e-type=\"widget\" data-widget_type=\"html.default\">\n\t\t\t\t\t<div class=\"sfc-num1\">\n  <div class=\"sfc-num1-lift\">\n    <div class=\"sfc-num1-tile\">\n      <span class=\"sfc-num1-digit\">WP2<\/span>\n    <\/div>\n  <\/div>\n<\/div>\n\n<style>\n.sfc-num1{\n  \/* \u25bc\u25bc \u00c0 MODIFIER \u25bc\u25bc *\/\n  --bg:#F5E1ED;        \/* couleur de fond *\/\n  --ink:#000000;       \/* couleur du texte *\/\n  --height:120px;      \/* hauteur du cadre *\/\n  --font:54px;         \/* taille du texte *\/\n  --pad-x:30px;        \/* marge int\u00e9rieure gauche \/ droite *\/\n  --radius:12px;       \/* arrondi des coins *\/\n  \/* \u25b2\u25b2 \u00c0 MODIFIER \u25b2\u25b2 *\/\n\n  --ease:cubic-bezier(.2,.8,.2,1);\n  display:flex;\n  align-items:center;\n  justify-content:center;\n  padding:34px;\n  perspective:700px;\n}\n\n.sfc-num1-lift{\n  display:inline-block;\n  animation:sfc-num1-float 3.8s var(--ease) .9s infinite;\n  will-change:transform;\n}\n\n.sfc-num1-tile{\n  display:inline-flex;\n  align-items:center;\n  justify-content:center;\n  height:var(--height);\n  min-width:var(--height);        \/* carr\u00e9 pour 1 caract\u00e8re, s'\u00e9largit ensuite *\/\n  padding-inline:var(--pad-x);\n  border-radius:var(--radius);\n  background:var(--bg);\n  overflow:hidden;\n  transform-origin:center bottom;\n  animation:\n    sfc-num1-in .7s var(--ease) both,\n    sfc-num1-glow 3.8s var(--ease) .9s infinite;\n  will-change:transform,opacity,box-shadow;\n}\n\n.sfc-num1-digit{\n  font-family:'Outfit',sans-serif;\n  font-weight:800;\n  font-size:var(--font);\n  line-height:1;\n  letter-spacing:-0.01em;\n  white-space:nowrap;             \/* emp\u00eache le retour \u00e0 la ligne *\/\n  color:var(--ink);\n  display:inline-block;\n  animation:sfc-num1-digit-in .6s var(--ease) .3s both;\n  -webkit-font-smoothing:antialiased;\n}\n\n@keyframes sfc-num1-in{\n  0%{opacity:0;transform:translateY(16px) scale(.9) rotateX(14deg)}\n  100%{opacity:1;transform:translateY(0) scale(1) rotateX(0)}\n}\n@keyframes sfc-num1-digit-in{\n  0%{opacity:0;transform:translateY(115%)}\n  100%{opacity:1;transform:translateY(0)}\n}\n@keyframes sfc-num1-float{\n  0%,100%{transform:translateY(0)}\n  50%{transform:translateY(-9px)}\n}\n@keyframes sfc-num1-glow{\n  0%,100%{box-shadow:0 14px 22px -10px color-mix(in srgb,var(--bg) 50%,transparent)}\n  50%{box-shadow:0 26px 34px -12px color-mix(in srgb,var(--bg) 38%,transparent)}\n}\n\nbody.elementor-editor-active .sfc-num1-lift,\nbody.elementor-editor-active .sfc-num1-tile,\nbody.elementor-editor-active .sfc-num1-digit{animation:none!important}\nbody.elementor-editor-active .sfc-num1-tile{\n  box-shadow:0 18px 28px -12px color-mix(in srgb,var(--bg) 45%,transparent);\n}\n\n@media (prefers-reduced-motion:reduce){\n  .sfc-num1-lift,.sfc-num1-tile,.sfc-num1-digit{animation:none!important}\n  .sfc-num1-tile{box-shadow:0 18px 28px -12px color-mix(in srgb,var(--bg) 45%,transparent)}\n}\n<\/style>\t\t\t\t<\/div>\n\t\t\t\t<\/div>\n\t\t\t\t\t<\/div>\n\t\t\t\t<\/div>\n\t\t\t\t<\/div>\n\t\t\t\t\t<\/div>\n\t\t\t\t<\/div>\n\t\t<div class=\"elementor-element elementor-element-2c3765b3 e-flex e-con-boxed e-con e-parent\" data-id=\"2c3765b3\" data-element_type=\"container\" data-e-type=\"container\" data-settings=\"{&quot;background_background&quot;:&quot;classic&quot;}\">\n\t\t\t\t\t<div class=\"e-con-inner\">\n\t\t<div class=\"elementor-element elementor-element-6aa9e0b e-con-full js-conv-scene e-flex e-con e-child\" data-id=\"6aa9e0b\" data-element_type=\"container\" data-e-type=\"container\">\n\t\t<div class=\"elementor-element elementor-element-f7924f0 e-con-full js-conv-left e-flex e-con e-child\" data-id=\"f7924f0\" data-element_type=\"container\" data-e-type=\"container\">\n\t\t\t\t<div class=\"elementor-element elementor-element-29932119 sfc-eyebrow elementor-widget elementor-widget-heading\" data-id=\"29932119\" data-element_type=\"widget\" data-e-type=\"widget\" data-widget_type=\"heading.default\">\n\t\t\t\t\t<div class=\"elementor-heading-title elementor-size-default\">Activit\u00e9s<\/div>\t\t\t\t<\/div>\n\t\t\t\t<div class=\"elementor-element elementor-element-3e2a5713 elementor-widget elementor-widget-heading\" data-id=\"3e2a5713\" data-element_type=\"widget\" data-e-type=\"widget\" data-widget_type=\"heading.default\">\n\t\t\t\t\t<h2 class=\"elementor-heading-title elementor-size-default\">Recenser, <span class=\"accent-2\">partager<\/span>, <em>diffuser.<\/em><\/h2>\t\t\t\t<\/div>\n\t\t\t\t<\/div>\n\t\t<div class=\"elementor-element elementor-element-58773c19 e-con-full js-conv-right e-flex e-con e-child\" data-id=\"58773c19\" data-element_type=\"container\" data-e-type=\"container\">\n\t\t\t\t<div class=\"elementor-element elementor-element-3c2e4321 elementor-widget elementor-widget-text-editor\" data-id=\"3c2e4321\" data-element_type=\"widget\" data-e-type=\"widget\" data-widget_type=\"text-editor.default\">\n\t\t\t\t\t\t\t\t\t<p>Le <strong>Work Package 2<\/strong> a pour objectif de dresser un \u00e9tat des lieux des pratiques d\u2019\u00e9ducation artistique et culturelle dans les pays partenaires. Il permet d\u2019identifier et de comprendre les initiatives existantes afin de s\u2019appuyer sur les exp\u00e9riences les plus pertinentes pour le projet.<\/p>\t\t\t\t\t\t\t\t<\/div>\n\t\t<div class=\"elementor-element elementor-element-469b59e8 e-con-full e-grid e-con e-child\" data-id=\"469b59e8\" data-element_type=\"container\" data-e-type=\"container\">\n\t\t<div class=\"elementor-element elementor-element-52607a69 e-con-full e-transform e-flex e-con e-child\" data-id=\"52607a69\" data-element_type=\"container\" data-e-type=\"container\" data-settings=\"{&quot;background_background&quot;:&quot;classic&quot;,&quot;_transform_translateY_effect_hover&quot;:{&quot;unit&quot;:&quot;px&quot;,&quot;size&quot;:-5,&quot;sizes&quot;:[]},&quot;_transform_translateX_effect_hover&quot;:{&quot;unit&quot;:&quot;px&quot;,&quot;size&quot;:&quot;&quot;,&quot;sizes&quot;:[]},&quot;_transform_translateX_effect_hover_tablet&quot;:{&quot;unit&quot;:&quot;px&quot;,&quot;size&quot;:&quot;&quot;,&quot;sizes&quot;:[]},&quot;_transform_translateX_effect_hover_mobile&quot;:{&quot;unit&quot;:&quot;px&quot;,&quot;size&quot;:&quot;&quot;,&quot;sizes&quot;:[]},&quot;_transform_translateY_effect_hover_tablet&quot;:{&quot;unit&quot;:&quot;px&quot;,&quot;size&quot;:&quot;&quot;,&quot;sizes&quot;:[]},&quot;_transform_translateY_effect_hover_mobile&quot;:{&quot;unit&quot;:&quot;px&quot;,&quot;size&quot;:&quot;&quot;,&quot;sizes&quot;:[]}}\">\n\t\t\t\t<div class=\"elementor-element elementor-element-7da4a89f elementor-widget elementor-widget-heading\" data-id=\"7da4a89f\" data-element_type=\"widget\" data-e-type=\"widget\" data-widget_type=\"heading.default\">\n\t\t\t\t\t<h3 class=\"elementor-heading-title elementor-size-default\">Inventaire des pratiques innovantes<\/h3>\t\t\t\t<\/div>\n\t\t\t\t<div class=\"elementor-element elementor-element-79a6bd5e elementor-widget elementor-widget-text-editor\" data-id=\"79a6bd5e\" data-element_type=\"widget\" data-e-type=\"widget\" data-widget_type=\"text-editor.default\">\n\t\t\t\t\t\t\t\t\t<p>Un premier travail consiste \u00e0 recenser et analyser les bonnes pratiques en \u00e9ducation artistique et culturelle dans chaque pays partenaire. Chaque organisation apporte des exemples issus de son contexte local, afin de construire une vision globale et comparative des initiatives existantes en Europe. Cet inventaire permet de mettre en lumi\u00e8re les forces, les limites et les enseignements de ces exp\u00e9riences.<\/p>\t\t\t\t\t\t\t\t<\/div>\n\t\t\t\t<\/div>\n\t\t<div class=\"elementor-element elementor-element-770c4c03 e-con-full e-transform e-flex e-con e-child\" data-id=\"770c4c03\" data-element_type=\"container\" data-e-type=\"container\" data-settings=\"{&quot;background_background&quot;:&quot;classic&quot;,&quot;_transform_translateY_effect_hover&quot;:{&quot;unit&quot;:&quot;px&quot;,&quot;size&quot;:-5,&quot;sizes&quot;:[]},&quot;_transform_translateX_effect_hover&quot;:{&quot;unit&quot;:&quot;px&quot;,&quot;size&quot;:&quot;&quot;,&quot;sizes&quot;:[]},&quot;_transform_translateX_effect_hover_tablet&quot;:{&quot;unit&quot;:&quot;px&quot;,&quot;size&quot;:&quot;&quot;,&quot;sizes&quot;:[]},&quot;_transform_translateX_effect_hover_mobile&quot;:{&quot;unit&quot;:&quot;px&quot;,&quot;size&quot;:&quot;&quot;,&quot;sizes&quot;:[]},&quot;_transform_translateY_effect_hover_tablet&quot;:{&quot;unit&quot;:&quot;px&quot;,&quot;size&quot;:&quot;&quot;,&quot;sizes&quot;:[]},&quot;_transform_translateY_effect_hover_mobile&quot;:{&quot;unit&quot;:&quot;px&quot;,&quot;size&quot;:&quot;&quot;,&quot;sizes&quot;:[]}}\">\n\t\t\t\t<div class=\"elementor-element elementor-element-2232d30 elementor-widget elementor-widget-heading\" data-id=\"2232d30\" data-element_type=\"widget\" data-e-type=\"widget\" data-widget_type=\"heading.default\">\n\t\t\t\t\t<h3 class=\"elementor-heading-title elementor-size-default\">Conf\u00e9rence europ\u00e9enne<\/h3>\t\t\t\t<\/div>\n\t\t\t\t<div class=\"elementor-element elementor-element-617c5d29 elementor-widget elementor-widget-text-editor\" data-id=\"617c5d29\" data-element_type=\"widget\" data-e-type=\"widget\" data-widget_type=\"text-editor.default\">\n\t\t\t\t\t\t\t\t\t<p>Une conf\u00e9rence europ\u00e9enne organis\u00e9e \u00e0 Amiens M\u00e9tropole en octobre 2025 constitue le point de d\u00e9part du travail de ce WP. Cet \u00e9v\u00e9nement rassemble l\u2019ensemble des partenaires et permet d\u2019\u00e9changer autour des enjeux de l\u2019\u00e9ducation artistique et culturelle dans les territoires europ\u00e9ens. Il favorise le partage d\u2019exp\u00e9riences et lance la dynamique commune du projet.<\/p>\t\t\t\t\t\t\t\t<\/div>\n\t\t\t\t<\/div>\n\t\t<div class=\"elementor-element elementor-element-7c19479c e-con-full e-transform e-flex e-con e-child\" data-id=\"7c19479c\" data-element_type=\"container\" data-e-type=\"container\" data-settings=\"{&quot;background_background&quot;:&quot;classic&quot;,&quot;_transform_translateY_effect_hover&quot;:{&quot;unit&quot;:&quot;px&quot;,&quot;size&quot;:-5,&quot;sizes&quot;:[]},&quot;_transform_translateX_effect_hover&quot;:{&quot;unit&quot;:&quot;px&quot;,&quot;size&quot;:&quot;&quot;,&quot;sizes&quot;:[]},&quot;_transform_translateX_effect_hover_tablet&quot;:{&quot;unit&quot;:&quot;px&quot;,&quot;size&quot;:&quot;&quot;,&quot;sizes&quot;:[]},&quot;_transform_translateX_effect_hover_mobile&quot;:{&quot;unit&quot;:&quot;px&quot;,&quot;size&quot;:&quot;&quot;,&quot;sizes&quot;:[]},&quot;_transform_translateY_effect_hover_tablet&quot;:{&quot;unit&quot;:&quot;px&quot;,&quot;size&quot;:&quot;&quot;,&quot;sizes&quot;:[]},&quot;_transform_translateY_effect_hover_mobile&quot;:{&quot;unit&quot;:&quot;px&quot;,&quot;size&quot;:&quot;&quot;,&quot;sizes&quot;:[]}}\">\n\t\t\t\t<div class=\"elementor-element elementor-element-6e2da99f elementor-widget elementor-widget-heading\" data-id=\"6e2da99f\" data-element_type=\"widget\" data-e-type=\"widget\" data-widget_type=\"heading.default\">\n\t\t\t\t\t<h3 class=\"elementor-heading-title elementor-size-default\">Guide de bonnes pratiques <\/h3>\t\t\t\t<\/div>\n\t\t\t\t<div class=\"elementor-element elementor-element-770077e8 elementor-widget elementor-widget-text-editor\" data-id=\"770077e8\" data-element_type=\"widget\" data-e-type=\"widget\" data-widget_type=\"text-editor.default\">\n\t\t\t\t\t\t\t\t\t<p>Le travail d\u2019analyse et les \u00e9changes entre partenaires aboutissent \u00e0 la cr\u00e9ation d\u2019un guide de bonnes pratiques en \u00e9ducation artistique et culturelle. Ce document synth\u00e9tique et accessible pr\u00e9sente les exp\u00e9riences les plus inspirantes et sert d\u2019outil concret pour les acteurs de terrain. Il constitue \u00e9galement une base essentielle pour la suite du projet, notamment pour la conception du module de formation.<\/p>\t\t\t\t\t\t\t\t<\/div>\n\t\t\t\t<\/div>\n\t\t\t\t<\/div>\n\t\t\t\t<\/div>\n\t\t\t\t<\/div>\n\t\t\t\t\t<\/div>\n\t\t\t\t<\/div>\n\t\t<div class=\"elementor-element elementor-element-773a9dd2 e-flex e-con-boxed e-con e-parent\" data-id=\"773a9dd2\" data-element_type=\"container\" data-e-type=\"container\">\n\t\t\t\t\t<div class=\"e-con-inner\">\n\t\t<div class=\"elementor-element elementor-element-3fcb8b4 e-con-full js-conv-scene e-flex e-con e-child\" data-id=\"3fcb8b4\" data-element_type=\"container\" data-e-type=\"container\">\n\t\t<div class=\"elementor-element elementor-element-52689cc9 e-con-full js-conv-left e-flex e-con e-child\" data-id=\"52689cc9\" data-element_type=\"container\" data-e-type=\"container\">\n\t\t\t\t<div class=\"elementor-element elementor-element-255f99b sfc-eyebrow elementor-widget elementor-widget-heading\" data-id=\"255f99b\" data-element_type=\"widget\" data-e-type=\"widget\" data-widget_type=\"heading.default\">\n\t\t\t\t\t<div class=\"elementor-heading-title elementor-size-default\">M\u00e9thode<\/div>\t\t\t\t<\/div>\n\t\t\t\t<div class=\"elementor-element elementor-element-4e9c6e2a elementor-widget elementor-widget-heading\" data-id=\"4e9c6e2a\" data-element_type=\"widget\" data-e-type=\"widget\" data-widget_type=\"heading.default\">\n\t\t\t\t\t<h2 class=\"elementor-heading-title elementor-size-default\">Les <em>autres<\/em> Work Packages.<\/h2>\t\t\t\t<\/div>\n\t\t\t\t<\/div>\n\t\t<div class=\"elementor-element elementor-element-10951292 e-con-full js-conv-right e-flex e-con e-child\" data-id=\"10951292\" data-element_type=\"container\" data-e-type=\"container\">\n\t\t<div class=\"elementor-element elementor-element-606b408a e-con-full e-transform e-flex e-con e-child\" data-id=\"606b408a\" data-element_type=\"container\" data-e-type=\"container\" data-settings=\"{&quot;_transform_translateX_effect_hover&quot;:{&quot;unit&quot;:&quot;px&quot;,&quot;size&quot;:10,&quot;sizes&quot;:[]},&quot;_transform_translateX_effect_hover_tablet&quot;:{&quot;unit&quot;:&quot;px&quot;,&quot;size&quot;:&quot;&quot;,&quot;sizes&quot;:[]},&quot;_transform_translateX_effect_hover_mobile&quot;:{&quot;unit&quot;:&quot;px&quot;,&quot;size&quot;:&quot;&quot;,&quot;sizes&quot;:[]},&quot;_transform_translateY_effect_hover&quot;:{&quot;unit&quot;:&quot;px&quot;,&quot;size&quot;:&quot;&quot;,&quot;sizes&quot;:[]},&quot;_transform_translateY_effect_hover_tablet&quot;:{&quot;unit&quot;:&quot;px&quot;,&quot;size&quot;:&quot;&quot;,&quot;sizes&quot;:[]},&quot;_transform_translateY_effect_hover_mobile&quot;:{&quot;unit&quot;:&quot;px&quot;,&quot;size&quot;:&quot;&quot;,&quot;sizes&quot;:[]}}\">\n\t\t\t\t<div class=\"elementor-element elementor-element-6f5ab294 elementor-widget elementor-widget-heading\" data-id=\"6f5ab294\" data-element_type=\"widget\" data-e-type=\"widget\" data-widget_type=\"heading.default\">\n\t\t\t\t\t<div class=\"elementor-heading-title elementor-size-default\">01<\/div>\t\t\t\t<\/div>\n\t\t<div class=\"elementor-element elementor-element-44f59051 e-con-full e-flex e-con e-child\" data-id=\"44f59051\" data-element_type=\"container\" data-e-type=\"container\">\n\t\t\t\t<div class=\"elementor-element elementor-element-1e85e749 elementor-widget elementor-widget-heading\" data-id=\"1e85e749\" data-element_type=\"widget\" data-e-type=\"widget\" data-widget_type=\"heading.default\">\n\t\t\t\t\t<h3 class=\"elementor-heading-title elementor-size-default\"><a href=\"https:\/\/seed.adtg.fr\/fr\/work-package-1-gestion-du-projet\/\"><em>Gestion<\/em> &amp; <span class=\"accent-2\">coordination du projet <\/span><\/a><\/h3>\t\t\t\t<\/div>\n\t\t\t\t<div class=\"elementor-element elementor-element-120f812f elementor-widget elementor-widget-text-editor\" data-id=\"120f812f\" data-element_type=\"widget\" data-e-type=\"widget\" data-widget_type=\"text-editor.default\">\n\t\t\t\t\t\t\t\t\t<p>Le pilotage global du projet : coordination du consortium, suivi du calendrier, du budget et des indicateurs, dans une d\u00e9marche inclusive, num\u00e9rique et \u00e9cologique.<\/p>\t\t\t\t\t\t\t\t<\/div>\n\t\t\t\t<\/div>\n\t\t\t\t<\/div>\n\t\t<div class=\"elementor-element elementor-element-4eb61419 e-con-full e-transform e-flex e-con e-child\" data-id=\"4eb61419\" data-element_type=\"container\" data-e-type=\"container\" data-settings=\"{&quot;_transform_translateX_effect_hover&quot;:{&quot;unit&quot;:&quot;px&quot;,&quot;size&quot;:10,&quot;sizes&quot;:[]},&quot;_transform_translateX_effect_hover_tablet&quot;:{&quot;unit&quot;:&quot;px&quot;,&quot;size&quot;:&quot;&quot;,&quot;sizes&quot;:[]},&quot;_transform_translateX_effect_hover_mobile&quot;:{&quot;unit&quot;:&quot;px&quot;,&quot;size&quot;:&quot;&quot;,&quot;sizes&quot;:[]},&quot;_transform_translateY_effect_hover&quot;:{&quot;unit&quot;:&quot;px&quot;,&quot;size&quot;:&quot;&quot;,&quot;sizes&quot;:[]},&quot;_transform_translateY_effect_hover_tablet&quot;:{&quot;unit&quot;:&quot;px&quot;,&quot;size&quot;:&quot;&quot;,&quot;sizes&quot;:[]},&quot;_transform_translateY_effect_hover_mobile&quot;:{&quot;unit&quot;:&quot;px&quot;,&quot;size&quot;:&quot;&quot;,&quot;sizes&quot;:[]}}\">\n\t\t\t\t<div class=\"elementor-element elementor-element-2f317faf elementor-widget elementor-widget-heading\" data-id=\"2f317faf\" data-element_type=\"widget\" data-e-type=\"widget\" data-widget_type=\"heading.default\">\n\t\t\t\t\t<div class=\"elementor-heading-title elementor-size-default\">03<\/div>\t\t\t\t<\/div>\n\t\t<div class=\"elementor-element elementor-element-3843593e e-con-full e-flex e-con e-child\" data-id=\"3843593e\" data-element_type=\"container\" data-e-type=\"container\">\n\t\t\t\t<div class=\"elementor-element elementor-element-3197be93 elementor-widget elementor-widget-heading\" data-id=\"3197be93\" data-element_type=\"widget\" data-e-type=\"widget\" data-widget_type=\"heading.default\">\n\t\t\t\t\t<h3 class=\"elementor-heading-title elementor-size-default\"><a href=\"https:\/\/seed.adtg.fr\/fr\/work-package-3-module-de-formation\/\"><em>Concevoir un module<\/em> <span class=\"accent-2\">de formation<\/span><\/a><\/h3>\t\t\t\t<\/div>\n\t\t\t\t<div class=\"elementor-element elementor-element-37581232 elementor-widget elementor-widget-text-editor\" data-id=\"37581232\" data-element_type=\"widget\" data-e-type=\"widget\" data-widget_type=\"text-editor.default\">\n\t\t\t\t\t\t\t\t\t<p>Un parcours commun aux enseignants et aux professionnels de la culture, favorisant la co-construction de projets d&rsquo;\u00e9ducation artistique et culturelle.<\/p>\t\t\t\t\t\t\t\t<\/div>\n\t\t\t\t<\/div>\n\t\t\t\t<\/div>\n\t\t<div class=\"elementor-element elementor-element-3d56f0a3 e-con-full e-transform e-flex e-con e-child\" data-id=\"3d56f0a3\" data-element_type=\"container\" data-e-type=\"container\" data-settings=\"{&quot;_transform_translateX_effect_hover&quot;:{&quot;unit&quot;:&quot;px&quot;,&quot;size&quot;:10,&quot;sizes&quot;:[]},&quot;_transform_translateX_effect_hover_tablet&quot;:{&quot;unit&quot;:&quot;px&quot;,&quot;size&quot;:&quot;&quot;,&quot;sizes&quot;:[]},&quot;_transform_translateX_effect_hover_mobile&quot;:{&quot;unit&quot;:&quot;px&quot;,&quot;size&quot;:&quot;&quot;,&quot;sizes&quot;:[]},&quot;_transform_translateY_effect_hover&quot;:{&quot;unit&quot;:&quot;px&quot;,&quot;size&quot;:&quot;&quot;,&quot;sizes&quot;:[]},&quot;_transform_translateY_effect_hover_tablet&quot;:{&quot;unit&quot;:&quot;px&quot;,&quot;size&quot;:&quot;&quot;,&quot;sizes&quot;:[]},&quot;_transform_translateY_effect_hover_mobile&quot;:{&quot;unit&quot;:&quot;px&quot;,&quot;size&quot;:&quot;&quot;,&quot;sizes&quot;:[]}}\">\n\t\t\t\t<div class=\"elementor-element elementor-element-6d610159 elementor-widget elementor-widget-heading\" data-id=\"6d610159\" data-element_type=\"widget\" data-e-type=\"widget\" data-widget_type=\"heading.default\">\n\t\t\t\t\t<div class=\"elementor-heading-title elementor-size-default\">04<\/div>\t\t\t\t<\/div>\n\t\t<div class=\"elementor-element elementor-element-ba34072 e-con-full e-flex e-con e-child\" data-id=\"ba34072\" data-element_type=\"container\" data-e-type=\"container\">\n\t\t\t\t<div class=\"elementor-element elementor-element-242310e6 elementor-widget elementor-widget-heading\" data-id=\"242310e6\" data-element_type=\"widget\" data-e-type=\"widget\" data-widget_type=\"heading.default\">\n\t\t\t\t\t<h3 class=\"elementor-heading-title elementor-size-default\"><a href=\"https:\/\/seed.adtg.fr\/fr\/work-package-4-communication\/\"><em>Diffuser &amp; valoriser<\/em> <span class=\"accent-2\">les r\u00e9sultats<\/span><\/a><\/h3>\t\t\t\t<\/div>\n\t\t\t\t<div class=\"elementor-element elementor-element-609566e1 elementor-widget elementor-widget-text-editor\" data-id=\"609566e1\" data-element_type=\"widget\" data-e-type=\"widget\" data-widget_type=\"text-editor.default\">\n\t\t\t\t\t\t\t\t\t<p>Communiquer tout au long du projet et diffuser largement ses productions aupr\u00e8s des publics \u00e9ducatifs, culturels, institutionnels et du grand public.<\/p>\t\t\t\t\t\t\t\t<\/div>\n\t\t\t\t<\/div>\n\t\t\t\t<\/div>\n\t\t\t\t<\/div>\n\t\t\t\t<\/div>\n\t\t\t\t\t<\/div>\n\t\t\t\t<\/div>\n\t\t\t\t<\/div>\n\t\t","protected":false},"excerpt":{"rendered":"<p>WP2 Dresser l&rsquo;\u00e9tat de l&rsquo;art europ\u00e9en Recenser les pratiques innovantes d&rsquo;\u00e9ducation artistique et culturelle dans les pays partenaires, pour b\u00e2tir un socle commun de bonnes pratiques. Coordination collective 2025 \u2013 2026 WP2 Activit\u00e9s Recenser, partager, diffuser. Le Work Package 2 a pour objectif de dresser un \u00e9tat des lieux des pratiques d\u2019\u00e9ducation artistique et culturelle [&hellip;]<\/p>\n","protected":false},"author":1,"featured_media":0,"parent":0,"menu_order":0,"comment_status":"closed","ping_status":"closed","template":"","meta":{"_seopress_titles_title":"WP2 \u2014 \u00c9tat des lieux & guide de bonnes pratiques EAC | SEEDS","_seopress_titles_desc":"Work Package 2 : \u00e9tat des lieux europ\u00e9en de l'\u00e9ducation artistique et culturelle \u2014 inventaire et guide des bonnes pratiques du projet SEEDS.","_seopress_robots_index":"","_seopress_robots_follow":"","_seopress_robots_imageindex":"","_seopress_robots_snippet":"","_seopress_robots_primary_cat":"","_seopress_robots_breadcrumbs":"","_seopress_robots_freeze_modified_date":"","_seopress_robots_custom_modified_date":"","_seopress_robots_canonical":"","_seopress_social_fb_title":"","_seopress_social_fb_desc":"","_seopress_social_fb_img":"","_seopress_social_fb_img_attachment_id":0,"_seopress_social_fb_img_width":0,"_seopress_social_fb_img_height":0,"_seopress_social_twitter_title":"","_seopress_social_twitter_desc":"","_seopress_social_twitter_img":"","_seopress_social_twitter_img_attachment_id":0,"_seopress_social_twitter_img_width":0,"_seopress_social_twitter_img_height":0,"_seopress_redirections_value":"","_seopress_redirections_enabled":"","_seopress_redirections_enabled_regex":"","_seopress_redirections_logged_status":"","_seopress_redirections_param":"","_seopress_redirections_type":0,"_seopress_analysis_target_kw":"","footnotes":""},"class_list":["post-18429","page","type-page","status-publish","hentry"],"_links":{"self":[{"href":"https:\/\/seed.adtg.fr\/fr\/wp-json\/wp\/v2\/pages\/18429","targetHints":{"allow":["GET"]}}],"collection":[{"href":"https:\/\/seed.adtg.fr\/fr\/wp-json\/wp\/v2\/pages"}],"about":[{"href":"https:\/\/seed.adtg.fr\/fr\/wp-json\/wp\/v2\/types\/page"}],"author":[{"embeddable":true,"href":"https:\/\/seed.adtg.fr\/fr\/wp-json\/wp\/v2\/users\/1"}],"replies":[{"embeddable":true,"href":"https:\/\/seed.adtg.fr\/fr\/wp-json\/wp\/v2\/comments?post=18429"}],"version-history":[{"count":10,"href":"https:\/\/seed.adtg.fr\/fr\/wp-json\/wp\/v2\/pages\/18429\/revisions"}],"predecessor-version":[{"id":19472,"href":"https:\/\/seed.adtg.fr\/fr\/wp-json\/wp\/v2\/pages\/18429\/revisions\/19472"}],"wp:attachment":[{"href":"https:\/\/seed.adtg.fr\/fr\/wp-json\/wp\/v2\/media?parent=18429"}],"curies":[{"name":"wp","href":"https:\/\/api.w.org\/{rel}","templated":true}]}}