{"id":18433,"date":"2026-06-10T16:18:27","date_gmt":"2026-06-10T16:18:27","guid":{"rendered":"https:\/\/seed.adtg.fr\/?page_id=18433"},"modified":"2026-06-12T09:55:49","modified_gmt":"2026-06-12T09:55:49","slug":"work-package-4-communication","status":"publish","type":"page","link":"https:\/\/seed.adtg.fr\/fr\/work-package-4-communication\/","title":{"rendered":"Work Package 4 : Communication"},"content":{"rendered":"\t\t<div data-elementor-type=\"wp-page\" data-elementor-id=\"18433\" class=\"elementor elementor-18433\" data-elementor-post-type=\"page\">\n\t\t\t\t<div class=\"elementor-element elementor-element-4815b51c e-flex e-con-boxed e-con e-child\" data-id=\"4815b51c\" data-element_type=\"container\" data-e-type=\"container\">\n\t\t\t\t\t<div class=\"e-con-inner\">\n\t\t<div class=\"elementor-element elementor-element-1c7c3eff e-con-full e-flex e-con e-child\" data-id=\"1c7c3eff\" data-element_type=\"container\" data-e-type=\"container\">\n\t\t<div class=\"elementor-element elementor-element-4c5af26c e-flex e-con-boxed e-con e-child\" data-id=\"4c5af26c\" data-element_type=\"container\" data-e-type=\"container\">\n\t\t\t\t\t<div class=\"e-con-inner\">\n\t\t<div class=\"elementor-element elementor-element-349f4738 e-con-full e-flex e-con e-child\" data-id=\"349f4738\" data-element_type=\"container\" data-e-type=\"container\">\n\t\t\t\t<div class=\"elementor-element elementor-element-787e53c4 sfc-pulse-dot elementor-invisible elementor-widget elementor-widget-heading\" data-id=\"787e53c4\" data-element_type=\"widget\" data-e-type=\"widget\" data-settings=\"{&quot;_animation&quot;:&quot;slideInRight&quot;}\" data-widget_type=\"heading.default\">\n\t\t\t\t\t<div class=\"elementor-heading-title elementor-size-default\">WP4<\/div>\t\t\t\t<\/div>\n\t\t\t\t<div class=\"elementor-element elementor-element-65b44bd5 elementor-invisible elementor-widget elementor-widget-heading\" data-id=\"65b44bd5\" data-element_type=\"widget\" data-e-type=\"widget\" data-settings=\"{&quot;_animation&quot;:&quot;slideInLeft&quot;}\" data-widget_type=\"heading.default\">\n\t\t\t\t\t<h1 class=\"elementor-heading-title elementor-size-default\"><em>Diffuser <\/em>&amp; valoriser <span class=\"accent-2\">les r\u00e9sultats<\/span><\/h1>\t\t\t\t<\/div>\n\t\t\t\t<div class=\"elementor-element elementor-element-1fea84b4 sfc-lead elementor-widget elementor-widget-text-editor\" data-id=\"1fea84b4\" data-element_type=\"widget\" data-e-type=\"widget\" data-widget_type=\"text-editor.default\">\n\t\t\t\t\t\t\t\t\t<p>Communiquer tout au long du projet, diffuser largement les productions et renforcer la place de l\u2019\u00e9ducation artistique et culturelle dans les politiques publiques.<\/p>\t\t\t\t\t\t\t\t<\/div>\n\t\t<div class=\"elementor-element elementor-element-5807d5f4 e-con-full e-flex e-con e-child\" data-id=\"5807d5f4\" data-element_type=\"container\" data-e-type=\"container\">\n\t\t\t\t<div class=\"elementor-element elementor-element-3aaa7ade elementor-widget elementor-widget-heading\" data-id=\"3aaa7ade\" data-element_type=\"widget\" data-e-type=\"widget\" data-widget_type=\"heading.default\">\n\t\t\t\t\t<div class=\"elementor-heading-title elementor-size-default\"><a href=\"https:\/\/seed.adtg.fr\/fr\/partenaires-seeds-for-culture\/\">Coordination \u00b7 collective<\/a><\/div>\t\t\t\t<\/div>\n\t\t\t\t<div class=\"elementor-element elementor-element-6baf447 elementor-widget elementor-widget-heading\" data-id=\"6baf447\" data-element_type=\"widget\" data-e-type=\"widget\" data-widget_type=\"heading.default\">\n\t\t\t\t\t<div class=\"elementor-heading-title elementor-size-default\">2025 \u2013 2028<\/div>\t\t\t\t<\/div>\n\t\t\t\t<\/div>\n\t\t\t\t<\/div>\n\t\t<div class=\"elementor-element elementor-element-11e848b7 e-con-full e-flex elementor-invisible e-con e-child\" data-id=\"11e848b7\" data-element_type=\"container\" data-e-type=\"container\" data-settings=\"{&quot;background_background&quot;:&quot;classic&quot;,&quot;animation&quot;:&quot;slideInDown&quot;,&quot;animation_delay&quot;:500}\">\n\t\t\t\t<div class=\"elementor-element elementor-element-2f17564c elementor-widget elementor-widget-html\" data-id=\"2f17564c\" data-element_type=\"widget\" data-e-type=\"widget\" data-widget_type=\"html.default\">\n\t\t\t\t\t<div class=\"sfc-num1\">\n  <div class=\"sfc-num1-lift\">\n    <div class=\"sfc-num1-tile\">\n      <span class=\"sfc-num1-digit\">WP4<\/span>\n    <\/div>\n  <\/div>\n<\/div>\n\n<style>\n.sfc-num1{\n  \/* \u25bc\u25bc \u00c0 MODIFIER \u25bc\u25bc *\/\n  --bg:#E3E6F4;        \/* couleur de fond *\/\n  --ink:#000000;       \/* couleur du texte *\/\n  --height:120px;      \/* hauteur du cadre *\/\n  --font:54px;         \/* taille du texte *\/\n  --pad-x:30px;        \/* marge int\u00e9rieure gauche \/ droite *\/\n  --radius:12px;       \/* arrondi des coins *\/\n  \/* \u25b2\u25b2 \u00c0 MODIFIER \u25b2\u25b2 *\/\n\n  --ease:cubic-bezier(.2,.8,.2,1);\n  display:flex;\n  align-items:center;\n  justify-content:center;\n  padding:34px;\n  perspective:700px;\n}\n\n.sfc-num1-lift{\n  display:inline-block;\n  animation:sfc-num1-float 3.8s var(--ease) .9s infinite;\n  will-change:transform;\n}\n\n.sfc-num1-tile{\n  display:inline-flex;\n  align-items:center;\n  justify-content:center;\n  height:var(--height);\n  min-width:var(--height);        \/* carr\u00e9 pour 1 caract\u00e8re, s'\u00e9largit ensuite *\/\n  padding-inline:var(--pad-x);\n  border-radius:var(--radius);\n  background:var(--bg);\n  overflow:hidden;\n  transform-origin:center bottom;\n  animation:\n    sfc-num1-in .7s var(--ease) both,\n    sfc-num1-glow 3.8s var(--ease) .9s infinite;\n  will-change:transform,opacity,box-shadow;\n}\n\n.sfc-num1-digit{\n  font-family:'Outfit',sans-serif;\n  font-weight:800;\n  font-size:var(--font);\n  line-height:1;\n  letter-spacing:-0.01em;\n  white-space:nowrap;             \/* emp\u00eache le retour \u00e0 la ligne *\/\n  color:var(--ink);\n  display:inline-block;\n  animation:sfc-num1-digit-in .6s var(--ease) .3s both;\n  -webkit-font-smoothing:antialiased;\n}\n\n@keyframes sfc-num1-in{\n  0%{opacity:0;transform:translateY(16px) scale(.9) rotateX(14deg)}\n  100%{opacity:1;transform:translateY(0) scale(1) rotateX(0)}\n}\n@keyframes sfc-num1-digit-in{\n  0%{opacity:0;transform:translateY(115%)}\n  100%{opacity:1;transform:translateY(0)}\n}\n@keyframes sfc-num1-float{\n  0%,100%{transform:translateY(0)}\n  50%{transform:translateY(-9px)}\n}\n@keyframes sfc-num1-glow{\n  0%,100%{box-shadow:0 14px 22px -10px color-mix(in srgb,var(--bg) 50%,transparent)}\n  50%{box-shadow:0 26px 34px -12px color-mix(in srgb,var(--bg) 38%,transparent)}\n}\n\nbody.elementor-editor-active .sfc-num1-lift,\nbody.elementor-editor-active .sfc-num1-tile,\nbody.elementor-editor-active .sfc-num1-digit{animation:none!important}\nbody.elementor-editor-active .sfc-num1-tile{\n  box-shadow:0 18px 28px -12px color-mix(in srgb,var(--bg) 45%,transparent);\n}\n\n@media (prefers-reduced-motion:reduce){\n  .sfc-num1-lift,.sfc-num1-tile,.sfc-num1-digit{animation:none!important}\n  .sfc-num1-tile{box-shadow:0 18px 28px -12px color-mix(in srgb,var(--bg) 45%,transparent)}\n}\n<\/style>\t\t\t\t<\/div>\n\t\t\t\t<\/div>\n\t\t\t\t\t<\/div>\n\t\t\t\t<\/div>\n\t\t\t\t<\/div>\n\t\t\t\t\t<\/div>\n\t\t\t\t<\/div>\n\t\t<div class=\"elementor-element elementor-element-5065cfc2 e-flex e-con-boxed e-con e-parent\" data-id=\"5065cfc2\" data-element_type=\"container\" data-e-type=\"container\" data-settings=\"{&quot;background_background&quot;:&quot;classic&quot;}\">\n\t\t\t\t\t<div class=\"e-con-inner\">\n\t\t<div class=\"elementor-element elementor-element-54e4b045 e-con-full js-conv-scene e-flex e-con e-child\" data-id=\"54e4b045\" data-element_type=\"container\" data-e-type=\"container\">\n\t\t<div class=\"elementor-element elementor-element-5ebb3dc0 e-con-full js-conv-left e-flex e-con e-child\" data-id=\"5ebb3dc0\" data-element_type=\"container\" data-e-type=\"container\">\n\t\t\t\t<div class=\"elementor-element elementor-element-1e456350 sfc-eyebrow elementor-widget elementor-widget-heading\" data-id=\"1e456350\" data-element_type=\"widget\" data-e-type=\"widget\" data-widget_type=\"heading.default\">\n\t\t\t\t\t<div class=\"elementor-heading-title elementor-size-default\">Activit\u00e9s<\/div>\t\t\t\t<\/div>\n\t\t\t\t<div class=\"elementor-element elementor-element-69476838 elementor-widget elementor-widget-heading\" data-id=\"69476838\" data-element_type=\"widget\" data-e-type=\"widget\" data-widget_type=\"heading.default\">\n\t\t\t\t\t<h2 class=\"elementor-heading-title elementor-size-default\">Communiquer, <span class=\"accent-2\">valoriser<\/span>, <em>diffuser.<\/em><\/h2>\t\t\t\t<\/div>\n\t\t\t\t<\/div>\n\t\t<div class=\"elementor-element elementor-element-9b3b8a0 e-con-full js-conv-right e-flex e-con e-child\" data-id=\"9b3b8a0\" data-element_type=\"container\" data-e-type=\"container\">\n\t\t\t\t<div class=\"elementor-element elementor-element-7263eaa0 elementor-widget elementor-widget-text-editor\" data-id=\"7263eaa0\" data-element_type=\"widget\" data-e-type=\"widget\" data-widget_type=\"text-editor.default\">\n\t\t\t\t\t\t\t\t\t<p>Le <strong>Work Package 4<\/strong> a pour objectif d\u2019assurer la communication du projet tout au long de sa mise en \u0153uvre et de diffuser largement ses r\u00e9sultats aupr\u00e8s des publics \u00e9ducatifs, culturels, institutionnels et du grand public. Il vise \u00e9galement \u00e0 renforcer la visibilit\u00e9 des enjeux li\u00e9s \u00e0 l\u2019\u00e9ducation artistique et culturelle (EAC) et \u00e0 favoriser leur prise en compte dans les politiques publiques.<\/p>\t\t\t\t\t\t\t\t<\/div>\n\t\t<div class=\"elementor-element elementor-element-2bf76230 e-con-full e-grid e-con e-child\" data-id=\"2bf76230\" data-element_type=\"container\" data-e-type=\"container\">\n\t\t<div class=\"elementor-element elementor-element-6ccd7c8d e-con-full e-transform e-flex e-con e-child\" data-id=\"6ccd7c8d\" data-element_type=\"container\" data-e-type=\"container\" data-settings=\"{&quot;background_background&quot;:&quot;classic&quot;,&quot;_transform_translateY_effect_hover&quot;:{&quot;unit&quot;:&quot;px&quot;,&quot;size&quot;:-5,&quot;sizes&quot;:[]},&quot;_transform_translateX_effect_hover&quot;:{&quot;unit&quot;:&quot;px&quot;,&quot;size&quot;:&quot;&quot;,&quot;sizes&quot;:[]},&quot;_transform_translateX_effect_hover_tablet&quot;:{&quot;unit&quot;:&quot;px&quot;,&quot;size&quot;:&quot;&quot;,&quot;sizes&quot;:[]},&quot;_transform_translateX_effect_hover_mobile&quot;:{&quot;unit&quot;:&quot;px&quot;,&quot;size&quot;:&quot;&quot;,&quot;sizes&quot;:[]},&quot;_transform_translateY_effect_hover_tablet&quot;:{&quot;unit&quot;:&quot;px&quot;,&quot;size&quot;:&quot;&quot;,&quot;sizes&quot;:[]},&quot;_transform_translateY_effect_hover_mobile&quot;:{&quot;unit&quot;:&quot;px&quot;,&quot;size&quot;:&quot;&quot;,&quot;sizes&quot;:[]}}\">\n\t\t\t\t<div class=\"elementor-element elementor-element-1cd061b1 elementor-widget elementor-widget-heading\" data-id=\"1cd061b1\" data-element_type=\"widget\" data-e-type=\"widget\" data-widget_type=\"heading.default\">\n\t\t\t\t\t<h3 class=\"elementor-heading-title elementor-size-default\">Site internet <\/h3>\t\t\t\t<\/div>\n\t\t\t\t<div class=\"elementor-element elementor-element-1f024639 elementor-widget elementor-widget-text-editor\" data-id=\"1f024639\" data-element_type=\"widget\" data-e-type=\"widget\" data-widget_type=\"text-editor.default\">\n\t\t\t\t\t\t\t\t\t<p>Un site internet d\u00e9di\u00e9 constitue l\u2019outil central de diffusion du projet. Accessible \u00e0 partir de juin 2026 et maintenu pendant cinq ans, il donne un acc\u00e8s libre \u00e0 l\u2019ensemble des productions : inventaire des pratiques, guide de bonnes pratiques, module de formation et livre vert. Le site est d\u00e9velopp\u00e9 sous WordPress et disponible en six langues (fran\u00e7ais, anglais, espagnol, n\u00e9erlandais, danois et finnois). Les partenaires disposent d\u2019un espace d\u00e9di\u00e9 pour publier les contenus dans leur langue, avec un syst\u00e8me de traduction automatique. Les fichiers lourds (vid\u00e9os et photos) seront h\u00e9berg\u00e9s sur une plateforme externe.<\/p>\t\t\t\t\t\t\t\t<\/div>\n\t\t\t\t<\/div>\n\t\t<div class=\"elementor-element elementor-element-41f9d75b e-con-full e-transform e-flex e-con e-child\" data-id=\"41f9d75b\" data-element_type=\"container\" data-e-type=\"container\" data-settings=\"{&quot;background_background&quot;:&quot;classic&quot;,&quot;_transform_translateY_effect_hover&quot;:{&quot;unit&quot;:&quot;px&quot;,&quot;size&quot;:-5,&quot;sizes&quot;:[]},&quot;_transform_translateX_effect_hover&quot;:{&quot;unit&quot;:&quot;px&quot;,&quot;size&quot;:&quot;&quot;,&quot;sizes&quot;:[]},&quot;_transform_translateX_effect_hover_tablet&quot;:{&quot;unit&quot;:&quot;px&quot;,&quot;size&quot;:&quot;&quot;,&quot;sizes&quot;:[]},&quot;_transform_translateX_effect_hover_mobile&quot;:{&quot;unit&quot;:&quot;px&quot;,&quot;size&quot;:&quot;&quot;,&quot;sizes&quot;:[]},&quot;_transform_translateY_effect_hover_tablet&quot;:{&quot;unit&quot;:&quot;px&quot;,&quot;size&quot;:&quot;&quot;,&quot;sizes&quot;:[]},&quot;_transform_translateY_effect_hover_mobile&quot;:{&quot;unit&quot;:&quot;px&quot;,&quot;size&quot;:&quot;&quot;,&quot;sizes&quot;:[]}}\">\n\t\t\t\t<div class=\"elementor-element elementor-element-7dfcdfa1 elementor-widget elementor-widget-heading\" data-id=\"7dfcdfa1\" data-element_type=\"widget\" data-e-type=\"widget\" data-widget_type=\"heading.default\">\n\t\t\t\t\t<h3 class=\"elementor-heading-title elementor-size-default\">Livre vert <\/h3>\t\t\t\t<\/div>\n\t\t\t\t<div class=\"elementor-element elementor-element-5aa8997c elementor-widget elementor-widget-text-editor\" data-id=\"5aa8997c\" data-element_type=\"widget\" data-e-type=\"widget\" data-widget_type=\"text-editor.default\">\n\t\t\t\t\t\t\t\t\tLe Livre vert, coordonn\u00e9 par la Fondation Thyssen-Bornemisza, s\u2019appuie sur l\u2019ensemble des travaux du projet pour valoriser les innovations d\u00e9velopp\u00e9es et formuler des recommandations \u00e0 destination des d\u00e9cideurs publics. Il vise \u00e0 nourrir la r\u00e9flexion institutionnelle sur l\u2019int\u00e9gration de l\u2019\u00e9ducation artistique et culturelle dans les politiques \u00e9ducatives et culturelles \u00e0 l\u2019\u00e9chelle europ\u00e9enne.\t\t\t\t\t\t\t\t<\/div>\n\t\t\t\t<\/div>\n\t\t<div class=\"elementor-element elementor-element-473b072f e-con-full e-transform e-flex e-con e-child\" data-id=\"473b072f\" data-element_type=\"container\" data-e-type=\"container\" data-settings=\"{&quot;background_background&quot;:&quot;classic&quot;,&quot;_transform_translateY_effect_hover&quot;:{&quot;unit&quot;:&quot;px&quot;,&quot;size&quot;:-5,&quot;sizes&quot;:[]},&quot;_transform_translateX_effect_hover&quot;:{&quot;unit&quot;:&quot;px&quot;,&quot;size&quot;:&quot;&quot;,&quot;sizes&quot;:[]},&quot;_transform_translateX_effect_hover_tablet&quot;:{&quot;unit&quot;:&quot;px&quot;,&quot;size&quot;:&quot;&quot;,&quot;sizes&quot;:[]},&quot;_transform_translateX_effect_hover_mobile&quot;:{&quot;unit&quot;:&quot;px&quot;,&quot;size&quot;:&quot;&quot;,&quot;sizes&quot;:[]},&quot;_transform_translateY_effect_hover_tablet&quot;:{&quot;unit&quot;:&quot;px&quot;,&quot;size&quot;:&quot;&quot;,&quot;sizes&quot;:[]},&quot;_transform_translateY_effect_hover_mobile&quot;:{&quot;unit&quot;:&quot;px&quot;,&quot;size&quot;:&quot;&quot;,&quot;sizes&quot;:[]}}\">\n\t\t\t\t<div class=\"elementor-element elementor-element-da3ee50 elementor-widget elementor-widget-heading\" data-id=\"da3ee50\" data-element_type=\"widget\" data-e-type=\"widget\" data-widget_type=\"heading.default\">\n\t\t\t\t\t<h3 class=\"elementor-heading-title elementor-size-default\">S\u00e9minaire final<\/h3>\t\t\t\t<\/div>\n\t\t\t\t<div class=\"elementor-element elementor-element-15b8c1c2 elementor-widget elementor-widget-text-editor\" data-id=\"15b8c1c2\" data-element_type=\"widget\" data-e-type=\"widget\" data-widget_type=\"text-editor.default\">\n\t\t\t\t\t\t\t\t\tLe projet se cl\u00f4turera par un s\u00e9minaire final de diss\u00e9mination organis\u00e9 \u00e0 Lille, incluant une visite du mus\u00e9e Matisse au Cateau-Cambr\u00e9sis. Ce temps fort permettra de pr\u00e9senter les r\u00e9sultats des diff\u00e9rents Work Packages, de partager les retours des phases de test et de formation, et de r\u00e9fl\u00e9chir \u00e0 la p\u00e9rennisation des actions. Il r\u00e9unira environ 80 participants, dont des partenaires, des enseignants et des professionnels de la culture.\t\t\t\t\t\t\t\t<\/div>\n\t\t\t\t<\/div>\n\t\t\t\t<\/div>\n\t\t\t\t<\/div>\n\t\t\t\t<\/div>\n\t\t\t\t\t<\/div>\n\t\t\t\t<\/div>\n\t\t<div class=\"elementor-element elementor-element-35f2c791 e-flex e-con-boxed e-con e-parent\" data-id=\"35f2c791\" data-element_type=\"container\" data-e-type=\"container\">\n\t\t\t\t\t<div class=\"e-con-inner\">\n\t\t<div class=\"elementor-element elementor-element-4a4d3372 e-con-full js-conv-scene e-flex e-con e-child\" data-id=\"4a4d3372\" data-element_type=\"container\" data-e-type=\"container\">\n\t\t<div class=\"elementor-element elementor-element-62607f3a e-con-full js-conv-left e-flex e-con e-child\" data-id=\"62607f3a\" data-element_type=\"container\" data-e-type=\"container\">\n\t\t\t\t<div class=\"elementor-element elementor-element-17b37d47 sfc-eyebrow elementor-widget elementor-widget-heading\" data-id=\"17b37d47\" data-element_type=\"widget\" data-e-type=\"widget\" data-widget_type=\"heading.default\">\n\t\t\t\t\t<div class=\"elementor-heading-title elementor-size-default\">M\u00e9thode<\/div>\t\t\t\t<\/div>\n\t\t\t\t<div class=\"elementor-element elementor-element-723039eb elementor-widget elementor-widget-heading\" data-id=\"723039eb\" data-element_type=\"widget\" data-e-type=\"widget\" data-widget_type=\"heading.default\">\n\t\t\t\t\t<h2 class=\"elementor-heading-title elementor-size-default\">Les <em>autres<\/em> Work Packages.<\/h2>\t\t\t\t<\/div>\n\t\t\t\t<\/div>\n\t\t<div class=\"elementor-element elementor-element-17b992e7 e-con-full js-conv-right e-flex e-con e-child\" data-id=\"17b992e7\" data-element_type=\"container\" data-e-type=\"container\">\n\t\t<div class=\"elementor-element elementor-element-390b0730 e-con-full e-transform e-flex e-con e-child\" data-id=\"390b0730\" data-element_type=\"container\" data-e-type=\"container\" data-settings=\"{&quot;_transform_translateX_effect_hover&quot;:{&quot;unit&quot;:&quot;px&quot;,&quot;size&quot;:10,&quot;sizes&quot;:[]},&quot;_transform_translateX_effect_hover_tablet&quot;:{&quot;unit&quot;:&quot;px&quot;,&quot;size&quot;:&quot;&quot;,&quot;sizes&quot;:[]},&quot;_transform_translateX_effect_hover_mobile&quot;:{&quot;unit&quot;:&quot;px&quot;,&quot;size&quot;:&quot;&quot;,&quot;sizes&quot;:[]},&quot;_transform_translateY_effect_hover&quot;:{&quot;unit&quot;:&quot;px&quot;,&quot;size&quot;:&quot;&quot;,&quot;sizes&quot;:[]},&quot;_transform_translateY_effect_hover_tablet&quot;:{&quot;unit&quot;:&quot;px&quot;,&quot;size&quot;:&quot;&quot;,&quot;sizes&quot;:[]},&quot;_transform_translateY_effect_hover_mobile&quot;:{&quot;unit&quot;:&quot;px&quot;,&quot;size&quot;:&quot;&quot;,&quot;sizes&quot;:[]}}\">\n\t\t\t\t<div class=\"elementor-element elementor-element-60a904a2 elementor-widget elementor-widget-heading\" data-id=\"60a904a2\" data-element_type=\"widget\" data-e-type=\"widget\" data-widget_type=\"heading.default\">\n\t\t\t\t\t<div class=\"elementor-heading-title elementor-size-default\">01<\/div>\t\t\t\t<\/div>\n\t\t<div class=\"elementor-element elementor-element-3b47a3bb e-con-full e-flex e-con e-child\" data-id=\"3b47a3bb\" data-element_type=\"container\" data-e-type=\"container\">\n\t\t\t\t<div class=\"elementor-element elementor-element-562527b0 elementor-widget elementor-widget-heading\" data-id=\"562527b0\" data-element_type=\"widget\" data-e-type=\"widget\" data-widget_type=\"heading.default\">\n\t\t\t\t\t<h3 class=\"elementor-heading-title elementor-size-default\"><a href=\"https:\/\/seed.adtg.fr\/fr\/work-package-1-gestion-du-projet\/\"><em>Gestion<\/em> &amp; <span class=\"accent-2\">coordination du projet <\/span><\/a><\/h3>\t\t\t\t<\/div>\n\t\t\t\t<div class=\"elementor-element elementor-element-5bea931f elementor-widget elementor-widget-text-editor\" data-id=\"5bea931f\" data-element_type=\"widget\" data-e-type=\"widget\" data-widget_type=\"text-editor.default\">\n\t\t\t\t\t\t\t\t\t<p>Le pilotage global du projet : coordination du consortium, suivi du calendrier, du budget et des indicateurs, dans une d\u00e9marche inclusive, num\u00e9rique et \u00e9cologique.<\/p>\t\t\t\t\t\t\t\t<\/div>\n\t\t\t\t<\/div>\n\t\t\t\t<\/div>\n\t\t<div class=\"elementor-element elementor-element-2e8f7a99 e-con-full e-transform e-flex e-con e-child\" data-id=\"2e8f7a99\" data-element_type=\"container\" data-e-type=\"container\" data-settings=\"{&quot;_transform_translateX_effect_hover&quot;:{&quot;unit&quot;:&quot;px&quot;,&quot;size&quot;:10,&quot;sizes&quot;:[]},&quot;_transform_translateX_effect_hover_tablet&quot;:{&quot;unit&quot;:&quot;px&quot;,&quot;size&quot;:&quot;&quot;,&quot;sizes&quot;:[]},&quot;_transform_translateX_effect_hover_mobile&quot;:{&quot;unit&quot;:&quot;px&quot;,&quot;size&quot;:&quot;&quot;,&quot;sizes&quot;:[]},&quot;_transform_translateY_effect_hover&quot;:{&quot;unit&quot;:&quot;px&quot;,&quot;size&quot;:&quot;&quot;,&quot;sizes&quot;:[]},&quot;_transform_translateY_effect_hover_tablet&quot;:{&quot;unit&quot;:&quot;px&quot;,&quot;size&quot;:&quot;&quot;,&quot;sizes&quot;:[]},&quot;_transform_translateY_effect_hover_mobile&quot;:{&quot;unit&quot;:&quot;px&quot;,&quot;size&quot;:&quot;&quot;,&quot;sizes&quot;:[]}}\">\n\t\t\t\t<div class=\"elementor-element elementor-element-6830c132 elementor-widget elementor-widget-heading\" data-id=\"6830c132\" data-element_type=\"widget\" data-e-type=\"widget\" data-widget_type=\"heading.default\">\n\t\t\t\t\t<div class=\"elementor-heading-title elementor-size-default\">02<\/div>\t\t\t\t<\/div>\n\t\t<div class=\"elementor-element elementor-element-613e41b4 e-con-full e-flex e-con e-child\" data-id=\"613e41b4\" data-element_type=\"container\" data-e-type=\"container\">\n\t\t\t\t<div class=\"elementor-element elementor-element-7aab948 elementor-widget elementor-widget-heading\" data-id=\"7aab948\" data-element_type=\"widget\" data-e-type=\"widget\" data-widget_type=\"heading.default\">\n\t\t\t\t\t<h3 class=\"elementor-heading-title elementor-size-default\"><a href=\"https:\/\/seed.adtg.fr\/fr\/work-package-2-etat-des-lieux\/\"><em>Dresser<\/em> l'\u00e9tat de <span class=\"accent-2\">l'art europ\u00e9en<\/span><\/a><\/h3>\t\t\t\t<\/div>\n\t\t\t\t<div class=\"elementor-element elementor-element-48e1e27c elementor-widget elementor-widget-text-editor\" data-id=\"48e1e27c\" data-element_type=\"widget\" data-e-type=\"widget\" data-widget_type=\"text-editor.default\">\n\t\t\t\t\t\t\t\t\t<p>Identifier et comprendre les pratiques d&rsquo;\u00e9ducation artistique et culturelle dans les pays partenaires pour s&rsquo;appuyer sur les exp\u00e9riences les plus pertinentes.<\/p>\t\t\t\t\t\t\t\t<\/div>\n\t\t\t\t<\/div>\n\t\t\t\t<\/div>\n\t\t<div class=\"elementor-element elementor-element-4e65558c e-con-full e-transform e-flex e-con e-child\" data-id=\"4e65558c\" data-element_type=\"container\" data-e-type=\"container\" data-settings=\"{&quot;_transform_translateX_effect_hover&quot;:{&quot;unit&quot;:&quot;px&quot;,&quot;size&quot;:10,&quot;sizes&quot;:[]},&quot;_transform_translateX_effect_hover_tablet&quot;:{&quot;unit&quot;:&quot;px&quot;,&quot;size&quot;:&quot;&quot;,&quot;sizes&quot;:[]},&quot;_transform_translateX_effect_hover_mobile&quot;:{&quot;unit&quot;:&quot;px&quot;,&quot;size&quot;:&quot;&quot;,&quot;sizes&quot;:[]},&quot;_transform_translateY_effect_hover&quot;:{&quot;unit&quot;:&quot;px&quot;,&quot;size&quot;:&quot;&quot;,&quot;sizes&quot;:[]},&quot;_transform_translateY_effect_hover_tablet&quot;:{&quot;unit&quot;:&quot;px&quot;,&quot;size&quot;:&quot;&quot;,&quot;sizes&quot;:[]},&quot;_transform_translateY_effect_hover_mobile&quot;:{&quot;unit&quot;:&quot;px&quot;,&quot;size&quot;:&quot;&quot;,&quot;sizes&quot;:[]}}\">\n\t\t\t\t<div class=\"elementor-element elementor-element-4632406d elementor-widget elementor-widget-heading\" data-id=\"4632406d\" data-element_type=\"widget\" data-e-type=\"widget\" data-widget_type=\"heading.default\">\n\t\t\t\t\t<div class=\"elementor-heading-title elementor-size-default\">03<\/div>\t\t\t\t<\/div>\n\t\t<div class=\"elementor-element elementor-element-632b98c8 e-con-full e-flex e-con e-child\" data-id=\"632b98c8\" data-element_type=\"container\" data-e-type=\"container\">\n\t\t\t\t<div class=\"elementor-element elementor-element-efc7939 elementor-widget elementor-widget-heading\" data-id=\"efc7939\" data-element_type=\"widget\" data-e-type=\"widget\" data-widget_type=\"heading.default\">\n\t\t\t\t\t<h3 class=\"elementor-heading-title elementor-size-default\"><a href=\"https:\/\/seed.adtg.fr\/fr\/work-package-3-module-de-formation\/\"><em>Concevoir un module<\/em> <span class=\"accent-2\">de formation<\/span><\/a><\/h3>\t\t\t\t<\/div>\n\t\t\t\t<div class=\"elementor-element elementor-element-52ed322 elementor-widget elementor-widget-text-editor\" data-id=\"52ed322\" data-element_type=\"widget\" data-e-type=\"widget\" data-widget_type=\"text-editor.default\">\n\t\t\t\t\t\t\t\t\t<p>Un parcours commun aux enseignants et aux professionnels de la culture, favorisant la co-construction de projets d&rsquo;\u00e9ducation artistique et culturelle.<\/p>\t\t\t\t\t\t\t\t<\/div>\n\t\t\t\t<\/div>\n\t\t\t\t<\/div>\n\t\t\t\t<\/div>\n\t\t\t\t<\/div>\n\t\t\t\t\t<\/div>\n\t\t\t\t<\/div>\n\t\t\t\t<\/div>\n\t\t","protected":false},"excerpt":{"rendered":"<p>WP4 Diffuser &amp; valoriser les r\u00e9sultats Communiquer tout au long du projet, diffuser largement les productions et renforcer la place de l\u2019\u00e9ducation artistique et culturelle dans les politiques publiques. Coordination \u00b7 collective 2025 \u2013 2028 WP4 Activit\u00e9s Communiquer, valoriser, diffuser. Le Work Package 4 a pour objectif d\u2019assurer la communication du projet tout au long [&hellip;]<\/p>\n","protected":false},"author":1,"featured_media":0,"parent":0,"menu_order":0,"comment_status":"closed","ping_status":"closed","template":"","meta":{"_seopress_titles_title":"WP4 \u2014 Communication, diffusion & Livre vert | SEEDS","_seopress_titles_desc":"Work Package 4 : communication, diffusion des r\u00e9sultats et Livre vert du projet Erasmus+ SEEDS for Culture pour l'\u00e9ducation culturelle.","_seopress_robots_index":"","_seopress_robots_follow":"","_seopress_robots_imageindex":"","_seopress_robots_snippet":"","_seopress_robots_primary_cat":"","_seopress_robots_breadcrumbs":"","_seopress_robots_freeze_modified_date":"","_seopress_robots_custom_modified_date":"","_seopress_robots_canonical":"","_seopress_social_fb_title":"","_seopress_social_fb_desc":"","_seopress_social_fb_img":"","_seopress_social_fb_img_attachment_id":0,"_seopress_social_fb_img_width":0,"_seopress_social_fb_img_height":0,"_seopress_social_twitter_title":"","_seopress_social_twitter_desc":"","_seopress_social_twitter_img":"","_seopress_social_twitter_img_attachment_id":0,"_seopress_social_twitter_img_width":0,"_seopress_social_twitter_img_height":0,"_seopress_redirections_value":"","_seopress_redirections_enabled":"","_seopress_redirections_enabled_regex":"","_seopress_redirections_logged_status":"","_seopress_redirections_param":"","_seopress_redirections_type":0,"_seopress_analysis_target_kw":"","footnotes":""},"class_list":["post-18433","page","type-page","status-publish","hentry"],"_links":{"self":[{"href":"https:\/\/seed.adtg.fr\/fr\/wp-json\/wp\/v2\/pages\/18433","targetHints":{"allow":["GET"]}}],"collection":[{"href":"https:\/\/seed.adtg.fr\/fr\/wp-json\/wp\/v2\/pages"}],"about":[{"href":"https:\/\/seed.adtg.fr\/fr\/wp-json\/wp\/v2\/types\/page"}],"author":[{"embeddable":true,"href":"https:\/\/seed.adtg.fr\/fr\/wp-json\/wp\/v2\/users\/1"}],"replies":[{"embeddable":true,"href":"https:\/\/seed.adtg.fr\/fr\/wp-json\/wp\/v2\/comments?post=18433"}],"version-history":[{"count":10,"href":"https:\/\/seed.adtg.fr\/fr\/wp-json\/wp\/v2\/pages\/18433\/revisions"}],"predecessor-version":[{"id":19490,"href":"https:\/\/seed.adtg.fr\/fr\/wp-json\/wp\/v2\/pages\/18433\/revisions\/19490"}],"wp:attachment":[{"href":"https:\/\/seed.adtg.fr\/fr\/wp-json\/wp\/v2\/media?parent=18433"}],"curies":[{"name":"wp","href":"https:\/\/api.w.org\/{rel}","templated":true}]}}